{"id":1259,"date":"2021-06-15T15:14:16","date_gmt":"2021-06-15T13:14:16","guid":{"rendered":"https:\/\/tallertraficantes.net\/laboratoria\/?post_type=tribe_events&#038;p=1259"},"modified":"2022-02-01T21:20:30","modified_gmt":"2022-02-01T20:20:30","slug":"biosindicalismo-desde-los-territorios-domesticos-presentacion","status":"publish","type":"tribe_events","link":"https:\/\/laboratoria.red\/en\/actividad\/biosindicalismo-desde-los-territorios-domesticos-presentacion\/","title":{"rendered":"Biosindicalismo desde los territorios dom\u00e9sticos. Presentaci\u00f3n"},"content":{"rendered":"<p>\u201cPorque nosotras, para organizarnos pol\u00edticamente, nos hemos tenido que sostener\u201d. Con esta frase arranc\u00f3 el proceso de escritura colaborativa que fue tejiendo este cuaderno. A lo largo de 100 p\u00e1ginas, Rafaela Pimentel Lara, Amalia Caballero, Constanza Cisneros y Ana Rojo nos cuentan, con ayuda de sus compa\u00f1eras, los reclamos y las formas de hacer que han articulado sus luchas y su proceso organizativo.<\/p>\n<p><strong>Presentaci\u00f3n p\u00fablica, con la presencia de las autoras, acompa\u00f1adas de:<\/strong><br \/>\n<strong>Amarela Varela<\/strong>, profesora e investigadora especializada en migraciones<br \/>\n<strong>Ana Longoni<\/strong>, escritora e investigadora especializada en el cruce entre arte y pol\u00edtica<br \/>\n<strong>Rosa Mar\u00eda Garc\u00eda y Esther Fern\u00e1ndez<\/strong>, t\u00e9cnicas en cuidados de enfermer\u00eda Residencias P\u00fablicas.<\/p>\n<p><strong>Lugar:<\/strong> Traficantes de sue\u00f1os. c\/ Duque de Alba 13. Madrid<\/p>\n<p><strong>Retransmisi\u00f3n online por youtube:<\/strong> <a href=\"https:\/\/www.youtube.com\/watch?v=ddOUt-ZzFYk\">https:\/\/www.youtube.com\/watch?v=ddOUt-ZzFYk<\/a><\/p>\n<p><strong>Organiza:<\/strong> La Laboratoria y Fundaci\u00f3n Rosa Luxemburg<\/p>\n","protected":false},"excerpt":{"rendered":"<p>\u201cPorque nosotras, para organizarnos pol\u00edticamente, nos hemos tenido que sostener\u201d. Con esta frase arranc\u00f3 el proceso de escritura colaborativa que fue tejiendo Biosindicalismo desde los territorios dom\u00e9sticos. Un a\u00f1o despu\u00e9s tenemos ocasi\u00f3n de presentarlo, de la mano de Ana Longoni, Amarela Varela, Rosa M. Garc\u00eda y Esther Fern\u00e1ndez, en conversaci\u00f3n con las autoras (Rafaela Pimentel Lara, Amalia Caballero, Constanza Cisneros y Ana Rojo).<\/p>\n","protected":false},"author":2,"featured_media":1260,"template":"","meta":{"_tribe_events_status":"","_tribe_events_status_reason":"","footnotes":""},"tags":[],"tribe_events_cat":[],"class_list":["post-1259","tribe_events","type-tribe_events","status-publish","has-post-thumbnail","hentry"],"_links":{"self":[{"href":"https:\/\/laboratoria.red\/en\/wp-json\/wp\/v2\/tribe_events\/1259","targetHints":{"allow":["GET"]}}],"collection":[{"href":"https:\/\/laboratoria.red\/en\/wp-json\/wp\/v2\/tribe_events"}],"about":[{"href":"https:\/\/laboratoria.red\/en\/wp-json\/wp\/v2\/types\/tribe_events"}],"author":[{"embeddable":true,"href":"https:\/\/laboratoria.red\/en\/wp-json\/wp\/v2\/users\/2"}],"version-history":[{"count":4,"href":"https:\/\/laboratoria.red\/en\/wp-json\/wp\/v2\/tribe_events\/1259\/revisions"}],"predecessor-version":[{"id":1267,"href":"https:\/\/laboratoria.red\/en\/wp-json\/wp\/v2\/tribe_events\/1259\/revisions\/1267"}],"wp:featuredmedia":[{"embeddable":true,"href":"https:\/\/laboratoria.red\/en\/wp-json\/wp\/v2\/media\/1260"}],"wp:attachment":[{"href":"https:\/\/laboratoria.red\/en\/wp-json\/wp\/v2\/media?parent=1259"}],"wp:term":[{"taxonomy":"post_tag","embeddable":true,"href":"https:\/\/laboratoria.red\/en\/wp-json\/wp\/v2\/tags?post=1259"},{"taxonomy":"tribe_events_cat","embeddable":true,"href":"https:\/\/laboratoria.red\/en\/wp-json\/wp\/v2\/tribe_events_cat?post=1259"}],"curies":[{"name":"wp","href":"https:\/\/api.w.org\/{rel}","templated":true}]}}