{"id":1625,"date":"2022-02-04T16:46:21","date_gmt":"2022-02-04T15:46:21","guid":{"rendered":"https:\/\/tallertraficantes.net\/laboratoria\/?page_id=1625"},"modified":"2022-06-20T13:03:50","modified_gmt":"2022-06-20T11:03:50","slug":"1625-2","status":"publish","type":"page","link":"https:\/\/laboratoria.red\/en\/","title":{"rendered":""},"content":{"rendered":"<p><div class=\"fusion-fullwidth fullwidth-box fusion-builder-row-1 hundred-percent-fullwidth non-hundred-percent-height-scrolling fusion-equal-height-columns\" style=\"--awb-border-radius-top-left:0px;--awb-border-radius-top-right:0px;--awb-border-radius-bottom-right:0px;--awb-border-radius-bottom-left:0px;--awb-padding-top:0px;--awb-padding-right:0px;--awb-padding-bottom:0px;--awb-padding-left:0px;--awb-margin-top:0px;--awb-margin-bottom:0px;--awb-flex-wrap:wrap;\" ><div class=\"fusion-builder-row fusion-row\"><div class=\"fusion-layout-column fusion_builder_column fusion-builder-column-0 fusion_builder_column_1_2 1_2 fusion-one-half fusion-column-first\" style=\"--awb-padding-top:0px;--awb-padding-right:0px;--awb-padding-bottom:0px;--awb-padding-left:0px;--awb-bg-color:#000000;--awb-bg-color-hover:#000000;--awb-bg-size:cover;--awb-border-color:#000000;--awb-border-style:solid;--awb-margin-top:5px;--awb-margin-bottom:0px;width:50%;width:calc(50% - ( ( 5px ) * 0.5 ) );margin-right: 5px;\"><div class=\"fusion-column-wrapper fusion-column-has-shadow fusion-flex-column-wrapper-legacy\"><div class=\"fusion-column-content-centered\"><div class=\"fusion-column-content\">\t\t\t\t\t<div class=\"fusion-slider-container fusion-slider-sc-ejes-trabajo fusion-slider-52\" style=\"height:420px; max-width:100%;\" data-id=\"52\" data-full_height=\"\" id=\"slider_ejes\">\n\t\t\t\t\t\t<style type=\"text\/css\">.fusion-slider-52 .flex-direction-nav a {width:50px;height:50px;line-height:50px;font-size:20px;}.fusion-slider-52 .flex-control-paging li a {background:rgba(255, 255, 255, 0.6);}.fusion-slider-52 .flex-control-paging li a.flex-active {background:rgba(255, 255, 255, 1);}<\/style>\t\t\t\t\t\t<div class=\"fusion-slider-loading\">Loading...<\/div>\n\t\t\t\t\t\t<div class=\"tfs-slider flexslider main-flex\" data-slider_width=\"100%\" data-slider_height=\"420px\" data-full_screen=\"1\" data-slider_indicator=\"pagination_circles\" data-slider_indicator_color=\"#ffffff\" data-parallax=\"0\" data-nav_arrows=\"1\" data-nav_box_width=\"50px\" data-nav_box_height=\"50px\" data-nav_arrow_size=\"20px\" data-autoplay=\"1\" data-loop=\"1\" data-orderby=\"date\" data-order=\"ASC\" data-animation=\"slide\" data-slideshow_speed=\"7000\" data-animation_speed=\"600\" data-typo_sensitivity=\"6\" data-typo_factor=\"1.5\" style=\"max-width:100%;\">\n\t\t\t\t\t\t\t<ul class=\"slides\">\n\t\t\t\t\t\t\t\t\t\t\t\t\t\t\t\t\t<li data-mute=\"yes\" data-loop=\"yes\" data-autoplay=\"yes\">\n\t\t\t\t\t\t\t\t\t\t<div class=\"slide-content-container slide-content-center\" style=\"display: none;\">\n\t\t\t\t\t\t\t\t\t\t\t<div class=\"slide-content\" style=\"\">\n\t\t\t\t\t\t\t\t\t\t\t\t\t\t\t\t\t\t\t\t\t\t\t\t\t<div class=\"heading with-bg\">\n\t\t\t\t\t\t\t\t\t\t\t\t\t\t<div class=\"fusion-title-sc-wrapper\" style=\"background-color:rgba(233,30,99,0.4)\">\n\t\t\t\t\t\t\t\t\t\t\t\t\t\t\t<div class=\"fusion-title title fusion-title-1 fusion-sep-none fusion-title-center fusion-title-text fusion-title-size-one\" style=\"--awb-text-color:#ffffff;--awb-margin-bottom:0px;--awb-sep-color:#ffffff;--awb-font-size:42px;\"><h1 class=\"fusion-title-heading title-heading-center fusion-responsive-typography-calculated\" style=\"margin:0;font-size:1em;--fontSize:42;line-height:1.2;\">Feminisms and migrations<\/h1><\/div>\t\t\t\t\t\t\t\t\t\t\t\t\t\t<\/div>\n\t\t\t\t\t\t\t\t\t\t\t\t\t<\/div>\n\t\t\t\t\t\t\t\t\t\t\t\t\t\t\t\t\t\t\t\t\t\t\t\t\t\t\t\t\t\t\t\t\t\t\t\t\t\t\t\t\t\t\t\t\t\t\t<\/div>\n\t\t\t\t\t\t\t\t\t\t<\/div>\n\t\t\t\t\t\t\t\t\t\t\t\t\t\t\t\t\t\t\t\t\t<a href=\"https:\/\/tallertraficantes.net\/laboratoria\/en\/eje\/\/feminisms-and-migrations\" class=\"overlay-link\" target=\"_blank\" rel=\"noopener noreferrer\"><\/a>\n\t\t\t\t\t\t\t\t\t\t\t\t\t\t\t\t\t\t\t\t\t\t\t\t\t\t\t\t\t\t\t\t\t\t\t\t\t\t\t\t<div class=\"background background-image\" style=\"background-image: url(https:\/\/laboratoria.red\/wp-content\/uploads\/2020\/06\/Catherin20Padilla.jpg);max-width:100%;height:420px;filter: progid:DXImageTransform.Microsoft.AlphaImageLoader(src='https:\/\/laboratoria.red\/wp-content\/uploads\/2020\/06\/Catherin20Padilla.jpg', sizingMethod='scale');\" data-imgwidth=\"1600\">\n\t\t\t\t\t\t\t\t\t\t\t\t\t\t\t\t\t\t\t\t\t\t\t\t\t\t\t\t\t\t\t\t\t\t\t\t\t\t\t\t\t\t\t\t\t\t\t\t\t\t\t\t\t\t\t\t\t\t\t\t\t\t\t\t\t\t<\/div>\n\t\t\t\t\t\t\t\t\t<\/li>\n\t\t\t\t\t\t\t\t\t\t\t\t\t\t\t\t\t<li data-mute=\"yes\" data-loop=\"yes\" data-autoplay=\"yes\">\n\t\t\t\t\t\t\t\t\t\t<div class=\"slide-content-container slide-content-center\" style=\"display: none;\">\n\t\t\t\t\t\t\t\t\t\t\t<div class=\"slide-content\" style=\"\">\n\t\t\t\t\t\t\t\t\t\t\t\t\t\t\t\t\t\t\t\t\t\t\t\t\t<div class=\"heading with-bg\">\n\t\t\t\t\t\t\t\t\t\t\t\t\t\t<div class=\"fusion-title-sc-wrapper\" style=\"background-color:rgba(233,30,99,0.4)\">\n\t\t\t\t\t\t\t\t\t\t\t\t\t\t\t<div class=\"fusion-title title fusion-title-2 fusion-sep-none fusion-title-center fusion-title-text fusion-title-size-one\" style=\"--awb-text-color:#ffffff;--awb-margin-bottom:0px;--awb-sep-color:#ffffff;--awb-font-size:42px;\"><h1 class=\"fusion-title-heading title-heading-center fusion-responsive-typography-calculated\" style=\"margin:0;font-size:1em;--fontSize:42;line-height:1.2;\">Violences and feminist justice<\/h1><\/div>\t\t\t\t\t\t\t\t\t\t\t\t\t\t<\/div>\n\t\t\t\t\t\t\t\t\t\t\t\t\t<\/div>\n\t\t\t\t\t\t\t\t\t\t\t\t\t\t\t\t\t\t\t\t\t\t\t\t\t\t\t\t\t\t\t\t\t\t\t\t\t\t\t\t\t\t\t\t\t\t\t<\/div>\n\t\t\t\t\t\t\t\t\t\t<\/div>\n\t\t\t\t\t\t\t\t\t\t\t\t\t\t\t\t\t\t\t\t\t<a href=\"https:\/\/tallertraficantes.net\/laboratoria\/en\/eje\/violences-and-feminist-justice\" class=\"overlay-link\" target=\"_blank\" rel=\"noopener noreferrer\"><\/a>\n\t\t\t\t\t\t\t\t\t\t\t\t\t\t\t\t\t\t\t\t\t\t\t\t\t\t\t\t\t\t\t\t\t\t\t\t\t\t\t\t<div class=\"background background-image\" style=\"background-image: url(https:\/\/laboratoria.red\/wp-content\/uploads\/2022\/02\/Violencia.jpg);max-width:100%;height:420px;filter: progid:DXImageTransform.Microsoft.AlphaImageLoader(src='https:\/\/laboratoria.red\/wp-content\/uploads\/2022\/02\/Violencia.jpg', sizingMethod='scale');\" data-imgwidth=\"1200\">\n\t\t\t\t\t\t\t\t\t\t\t\t\t\t\t\t\t\t\t\t\t\t\t\t\t\t\t\t\t\t\t\t\t\t\t\t\t\t\t\t\t\t\t\t\t\t\t\t\t\t\t\t\t\t\t\t\t\t\t\t\t\t\t\t\t\t<\/div>\n\t\t\t\t\t\t\t\t\t<\/li>\n\t\t\t\t\t\t\t\t\t\t\t\t\t\t\t\t\t<li data-mute=\"yes\" data-loop=\"yes\" data-autoplay=\"yes\">\n\t\t\t\t\t\t\t\t\t\t<div class=\"slide-content-container slide-content-center\" style=\"display: none;\">\n\t\t\t\t\t\t\t\t\t\t\t<div class=\"slide-content\" style=\"\">\n\t\t\t\t\t\t\t\t\t\t\t\t\t\t\t\t\t\t\t\t\t\t\t\t\t<div class=\"heading with-bg\">\n\t\t\t\t\t\t\t\t\t\t\t\t\t\t<div class=\"fusion-title-sc-wrapper\" style=\"background-color:rgba(233,30,99,0.4)\">\n\t\t\t\t\t\t\t\t\t\t\t\t\t\t\t<div class=\"fusion-title title fusion-title-3 fusion-sep-none fusion-title-center fusion-title-text fusion-title-size-one\" style=\"--awb-text-color:#ffffff;--awb-margin-bottom:0px;--awb-sep-color:#ffffff;--awb-font-size:42px;\"><h1 class=\"fusion-title-heading title-heading-center fusion-responsive-typography-calculated\" style=\"margin:0;font-size:1em;--fontSize:42;line-height:1.2;\">Neoliberalism, conservative backlash and feminisms in dispute<\/h1><\/div>\t\t\t\t\t\t\t\t\t\t\t\t\t\t<\/div>\n\t\t\t\t\t\t\t\t\t\t\t\t\t<\/div>\n\t\t\t\t\t\t\t\t\t\t\t\t\t\t\t\t\t\t\t\t\t\t\t\t\t\t\t\t\t\t\t\t\t\t\t\t\t\t\t\t\t\t\t\t\t\t\t<\/div>\n\t\t\t\t\t\t\t\t\t\t<\/div>\n\t\t\t\t\t\t\t\t\t\t\t\t\t\t\t\t\t\t\t\t\t<a href=\"https:\/\/tallertraficantes.net\/laboratoria\/en\/eje\/neoliberalism-conservative-backlash-and-feminisms-in-dispute\" class=\"overlay-link\" target=\"_blank\" rel=\"noopener noreferrer\"><\/a>\n\t\t\t\t\t\t\t\t\t\t\t\t\t\t\t\t\t\t\t\t\t\t\t\t\t\t\t\t\t\t\t\t\t\t\t\t\t\t\t\t<div class=\"background background-image\" style=\"background-image: url(https:\/\/laboratoria.red\/wp-content\/uploads\/2022\/02\/neoliberalismo.jpg);max-width:100%;height:420px;filter: progid:DXImageTransform.Microsoft.AlphaImageLoader(src='https:\/\/laboratoria.red\/wp-content\/uploads\/2022\/02\/neoliberalismo.jpg', sizingMethod='scale');\" data-imgwidth=\"1280\">\n\t\t\t\t\t\t\t\t\t\t\t\t\t\t\t\t\t\t\t\t\t\t\t\t\t\t\t\t\t\t\t\t\t\t\t\t\t\t\t\t\t\t\t\t\t\t\t\t\t\t\t\t\t\t\t\t\t\t\t\t\t\t\t\t\t\t<\/div>\n\t\t\t\t\t\t\t\t\t<\/li>\n\t\t\t\t\t\t\t\t\t\t\t\t\t\t\t\t\t<li data-mute=\"yes\" data-loop=\"yes\" data-autoplay=\"yes\">\n\t\t\t\t\t\t\t\t\t\t<div class=\"slide-content-container slide-content-center\" style=\"display: none;\">\n\t\t\t\t\t\t\t\t\t\t\t<div class=\"slide-content\" style=\"\">\n\t\t\t\t\t\t\t\t\t\t\t\t\t\t\t\t\t\t\t\t\t\t\t\t\t<div class=\"heading with-bg\">\n\t\t\t\t\t\t\t\t\t\t\t\t\t\t<div class=\"fusion-title-sc-wrapper\" style=\"background-color:rgba(233,30,99,0.4)\">\n\t\t\t\t\t\t\t\t\t\t\t\t\t\t\t<div class=\"fusion-title title fusion-title-4 fusion-sep-none fusion-title-center fusion-title-text fusion-title-size-one\" style=\"--awb-text-color:#ffffff;--awb-margin-bottom:0px;--awb-sep-color:#ffffff;--awb-font-size:42px;\"><h1 class=\"fusion-title-heading title-heading-center fusion-responsive-typography-calculated\" style=\"margin:0;font-size:1em;--fontSize:42;line-height:1.2;\">Feminist syndicalism and precarity<\/h1><\/div>\t\t\t\t\t\t\t\t\t\t\t\t\t\t<\/div>\n\t\t\t\t\t\t\t\t\t\t\t\t\t<\/div>\n\t\t\t\t\t\t\t\t\t\t\t\t\t\t\t\t\t\t\t\t\t\t\t\t\t\t\t\t\t\t\t\t\t\t\t\t\t\t\t\t\t\t\t\t\t\t\t<\/div>\n\t\t\t\t\t\t\t\t\t\t<\/div>\n\t\t\t\t\t\t\t\t\t\t\t\t\t\t\t\t\t\t\t\t\t<a href=\"https:\/\/tallertraficantes.net\/laboratoria\/en\/eje\/feminist-syndicalism-and-precarity\" class=\"overlay-link\" target=\"_blank\" rel=\"noopener noreferrer\"><\/a>\n\t\t\t\t\t\t\t\t\t\t\t\t\t\t\t\t\t\t\t\t\t\t\t\t\t\t\t\t\t\t\t\t\t\t\t\t\t\t\t\t<div class=\"background background-image\" style=\"background-image: url(https:\/\/laboratoria.red\/wp-content\/uploads\/2022\/02\/sindicalismo_fotoElvira-Meg\u00edas.jpg);max-width:100%;height:420px;filter: progid:DXImageTransform.Microsoft.AlphaImageLoader(src='https:\/\/laboratoria.red\/wp-content\/uploads\/2022\/02\/sindicalismo_fotoElvira-Meg\u00edas.jpg', sizingMethod='scale');\" data-imgwidth=\"1685\">\n\t\t\t\t\t\t\t\t\t\t\t\t\t\t\t\t\t\t\t\t\t\t\t\t\t\t\t\t\t\t\t\t\t\t\t\t\t\t\t\t\t\t\t\t\t\t\t\t\t\t\t\t\t\t\t\t\t\t\t\t\t\t\t\t\t\t<\/div>\n\t\t\t\t\t\t\t\t\t<\/li>\n\t\t\t\t\t\t\t\t\t\t\t\t\t\t\t\t\t<li data-mute=\"yes\" data-loop=\"yes\" data-autoplay=\"yes\">\n\t\t\t\t\t\t\t\t\t\t<div class=\"slide-content-container slide-content-center\" style=\"display: none;\">\n\t\t\t\t\t\t\t\t\t\t\t<div class=\"slide-content\" style=\"\">\n\t\t\t\t\t\t\t\t\t\t\t\t\t\t\t\t\t\t\t\t\t\t\t\t\t<div class=\"heading with-bg\">\n\t\t\t\t\t\t\t\t\t\t\t\t\t\t<div class=\"fusion-title-sc-wrapper\" style=\"background-color:rgba(233,30,99,0.4)\">\n\t\t\t\t\t\t\t\t\t\t\t\t\t\t\t<div class=\"fusion-title title fusion-title-5 fusion-sep-none fusion-title-center fusion-title-text fusion-title-size-one\" style=\"--awb-text-color:#ffffff;--awb-margin-bottom:0px;--awb-sep-color:#ffffff;--awb-font-size:42px;\"><h1 class=\"fusion-title-heading title-heading-center fusion-responsive-typography-calculated\" style=\"margin:0;font-size:1em;--fontSize:42;line-height:1.2;\">Care, community, commons<\/h1><\/div>\t\t\t\t\t\t\t\t\t\t\t\t\t\t<\/div>\n\t\t\t\t\t\t\t\t\t\t\t\t\t<\/div>\n\t\t\t\t\t\t\t\t\t\t\t\t\t\t\t\t\t\t\t\t\t\t\t\t\t\t\t\t\t\t\t\t\t\t\t\t\t\t\t\t\t\t\t\t\t\t\t<\/div>\n\t\t\t\t\t\t\t\t\t\t<\/div>\n\t\t\t\t\t\t\t\t\t\t\t\t\t\t\t\t\t\t\t\t\t<a href=\"https:\/\/tallertraficantes.net\/laboratoria\/en\/eje\/care-community-commons\" class=\"overlay-link\" target=\"_blank\" rel=\"noopener noreferrer\"><\/a>\n\t\t\t\t\t\t\t\t\t\t\t\t\t\t\t\t\t\t\t\t\t\t\t\t\t\t\t\t\t\t\t\t\t\t\t\t\t\t\t\t<div class=\"background background-image\" style=\"background-image: url(https:\/\/laboratoria.red\/wp-content\/uploads\/2022\/02\/IMG-20190117-WA0001.jpg);max-width:100%;height:420px;filter: progid:DXImageTransform.Microsoft.AlphaImageLoader(src='https:\/\/laboratoria.red\/wp-content\/uploads\/2022\/02\/IMG-20190117-WA0001.jpg', sizingMethod='scale');\" data-imgwidth=\"1781\">\n\t\t\t\t\t\t\t\t\t\t\t\t\t\t\t\t\t\t\t\t\t\t\t\t\t\t\t\t\t\t\t\t\t\t\t\t\t\t\t\t\t\t\t\t\t\t\t\t\t\t\t\t\t\t\t\t\t\t\t\t\t\t\t\t\t\t<\/div>\n\t\t\t\t\t\t\t\t\t<\/li>\n\t\t\t\t\t\t\t\t\t\t\t\t\t\t\t\t\t<li data-mute=\"yes\" data-loop=\"yes\" data-autoplay=\"yes\">\n\t\t\t\t\t\t\t\t\t\t<div class=\"slide-content-container slide-content-center\" style=\"display: none;\">\n\t\t\t\t\t\t\t\t\t\t\t<div class=\"slide-content\" style=\"\">\n\t\t\t\t\t\t\t\t\t\t\t\t\t\t\t\t\t\t\t\t\t\t\t\t\t<div class=\"heading with-bg\">\n\t\t\t\t\t\t\t\t\t\t\t\t\t\t<div class=\"fusion-title-sc-wrapper\" style=\"background-color:rgba(233,30,99,0.4)\">\n\t\t\t\t\t\t\t\t\t\t\t\t\t\t\t<div class=\"fusion-title title fusion-title-6 fusion-sep-none fusion-title-center fusion-title-text fusion-title-size-one\" style=\"--awb-text-color:#ffffff;--awb-margin-bottom:0px;--awb-sep-color:#ffffff;--awb-font-size:42px;\"><h1 class=\"fusion-title-heading title-heading-center fusion-responsive-typography-calculated\" style=\"margin:0;font-size:1em;--fontSize:42;line-height:1.2;\">A feminist reading of debt<\/h1><\/div>\t\t\t\t\t\t\t\t\t\t\t\t\t\t<\/div>\n\t\t\t\t\t\t\t\t\t\t\t\t\t<\/div>\n\t\t\t\t\t\t\t\t\t\t\t\t\t\t\t\t\t\t\t\t\t\t\t\t\t\t\t\t\t\t\t\t\t\t\t\t\t\t\t\t\t\t\t\t\t\t\t<\/div>\n\t\t\t\t\t\t\t\t\t\t<\/div>\n\t\t\t\t\t\t\t\t\t\t\t\t\t\t\t\t\t\t\t\t\t<a href=\"https:\/\/tallertraficantes.net\/laboratoria\/en\/eje\/a-feminist-reading-of-debt\" class=\"overlay-link\" target=\"_blank\" rel=\"noopener noreferrer\"><\/a>\n\t\t\t\t\t\t\t\t\t\t\t\t\t\t\t\t\t\t\t\t\t\t\t\t\t\t\t\t\t\t\t\t\t\t\t\t\t\t\t\t<div class=\"background background-image\" style=\"background-image: url(https:\/\/laboratoria.red\/wp-content\/uploads\/2022\/02\/deuda.jpg);max-width:100%;height:420px;filter: progid:DXImageTransform.Microsoft.AlphaImageLoader(src='https:\/\/laboratoria.red\/wp-content\/uploads\/2022\/02\/deuda.jpg', sizingMethod='scale');\" data-imgwidth=\"1900\">\n\t\t\t\t\t\t\t\t\t\t\t\t\t\t\t\t\t\t\t\t\t\t\t\t\t\t\t\t\t\t\t\t\t\t\t\t\t\t\t\t\t\t\t\t\t\t\t\t\t\t\t\t\t\t\t\t\t\t\t\t\t\t\t\t\t\t<\/div>\n\t\t\t\t\t\t\t\t\t<\/li>\n\t\t\t\t\t\t\t\t\t\t\t\t\t\t\t\t\t\t\t\t\t\t\t<\/ul>\n\t\t\t\t\t\t<\/div>\n\t\t\t\t\t<\/div>\n\t\t\t\t\t\t\t\t<\/div><\/div><div class=\"fusion-clearfix\"><\/div><\/div><\/div><div class=\"fusion-layout-column fusion_builder_column fusion-builder-column-1 fusion_builder_column_1_2 1_2 fusion-one-half fusion-column-last\" style=\"--awb-padding-top:5%;--awb-padding-right:4%;--awb-padding-bottom:2%;--awb-padding-left:5%;--awb-bg-color:#000000;--awb-bg-color-hover:#000000;--awb-bg-size:cover;--awb-margin-top:5px;--awb-margin-bottom:0px;width:50%;width:calc(50% - ( ( 5px ) * 0.5 ) );\" id=\"texto_inicio\"><div class=\"fusion-column-wrapper fusion-column-has-shadow fusion-flex-column-wrapper-legacy\"><div class=\"fusion-column-content-centered\"><div class=\"fusion-column-content\"><div class=\"fusion-text fusion-text-1\"><h5><span style=\"color: #ffffff;\">We trust in the strength of feminisms that are transforming everything through a diverse array of practices, languages and situations. We each come from different trajectories of activism and research, and put these elements into play in order to immerse ourselves in the collective tides. We feel a need to make a space for ourselves, among each other; to make time among allies, to build ourselves a structure of complicities; in short, to produce resources that might allow us to continue meeting each other. We want to extend the relay of encounters that has allowed us to connect from one end of the world to the other, keeping us entwined and aware of what is going on here and there, inventing new forms of transnationalism and sustaining our daily struggles.<\/span><\/h5>\n<h5><span style=\"color: #ffffff;\">For all these reasons, we have given ourselves a task: to nurture spaces of research that bring us together to broaden and refine our potency. These are spaces that cobble together geographies, generations, languages and experiences, like living matter in a compost: a vital compost of feminisms in motion, enriching lands and terrains, sedimenting.<\/span><\/h5>\n<\/div><\/div><\/div><div class=\"fusion-clearfix\"><\/div><\/div><\/div><\/div><\/div><div class=\"fusion-fullwidth fullwidth-box fusion-builder-row-2 hundred-percent-fullwidth non-hundred-percent-height-scrolling fusion-equal-height-columns\" style=\"--awb-border-radius-top-left:0px;--awb-border-radius-top-right:0px;--awb-border-radius-bottom-right:0px;--awb-border-radius-bottom-left:0px;--awb-padding-top:0px;--awb-padding-right:0px;--awb-padding-bottom:0px;--awb-padding-left:0px;--awb-margin-top:0px;--awb-margin-bottom:0px;--awb-flex-wrap:wrap;\" ><div class=\"fusion-builder-row fusion-row\"><div class=\"fusion-layout-column fusion_builder_column fusion-builder-column-2 fusion_builder_column_1_2 1_2 fusion-one-half fusion-column-first\" style=\"--awb-padding-top:5%;--awb-padding-right:4%;--awb-padding-bottom:2%;--awb-padding-left:5%;--awb-bg-color:rgba(255,255,255,0.58);--awb-bg-color-hover:rgba(255,255,255,0.58);--awb-bg-size:cover;--awb-margin-top:5px;--awb-margin-bottom:0px;width:50%;width:calc(50% - ( ( 5px ) * 0.5 ) );margin-right: 5px;\"><div class=\"fusion-column-wrapper fusion-column-has-shadow fusion-flex-column-wrapper-legacy\"><div class=\"fusion-title title fusion-title-7 sep-underline sep-solid fusion-title-center fusion-title-text fusion-title-size-two\" style=\"--awb-text-color:#000000;--awb-margin-top-small:4%;--awb-sep-color:#000000;\"><h2 class=\"fusion-title-heading title-heading-center fusion-responsive-typography-calculated\" style=\"margin:0;--fontSize:24;line-height:1.5;\">PUBLICATIONS<\/h2><\/div><div class=\"fusion-text fusion-text-2\"><p>Here we bring together publications by people linked to La Laboratoria, as well as books, notes and podcasts reflecting the research produced in the framework of La Laboratoria. We hope these materials will extend the transnational conversations already underway between feminist activists in different places.<\/p>\n<\/div><div class=\"fusion-recent-works fusion-portfolio-element fusion-portfolio fusion-portfolio-1 fusion-portfolio-grid fusion-portfolio-paging-none fusion-portfolio-two fusion-portfolio-no_text fusion-portfolio-rollover\" data-id=\"-rw-1\" data-columns=\"two\" id=\"inicio_publicaciones\"><style type=\"text\/css\">.fusion-portfolio-1 .fusion-portfolio-wrapper .fusion-col-spacing{padding:2.5px;}<\/style><div class=\"fusion-portfolio-wrapper\" id=\"fusion-portfolio-1\" data-picturesize=\"auto\" data-pages=\"2\" style=\"margin:-2.5px;\"><article id=\"portfolio-1-post-3124\" class=\"fusion-portfolio-post publications violences-and-feminist-justice fusion-col-spacing post-3124\"><div class=\"fusion-portfolio-content-wrapper\" style=\"border:none;\"><span class=\"entry-title rich-snippet-hidden\">First chapter of &#8220;That Violence That Is More Than One.Feminist Movements, the Punitive State, and Other Horizons of Justice&#8221;<\/span><span class=\"vcard rich-snippet-hidden\"><span class=\"fn\"><a href=\"https:\/\/laboratoria.red\/en\/author\/la-laboratoria\/\" title=\"Posts by La Laboratoria\" rel=\"author\">La Laboratoria<\/a><\/span><\/span><span class=\"updated rich-snippet-hidden\">2025-04-08T10:36:21+02:00<\/span><div  class=\"fusion-image-wrapper\" aria-haspopup=\"true\">\n\t\t\t\t<img decoding=\"async\" width=\"2480\" height=\"2481\" src=\"https:\/\/laboratoria.red\/wp-content\/uploads\/2024\/11\/RecuperarElPoderQueNosRobaron.jpg\" class=\"attachment-full size-full wp-post-image\" alt=\"Ilustraci\u00f3n Vane Juli\u00e1n\" srcset=\"https:\/\/laboratoria.red\/wp-content\/uploads\/2024\/11\/RecuperarElPoderQueNosRobaron-200x200.jpg 200w, https:\/\/laboratoria.red\/wp-content\/uploads\/2024\/11\/RecuperarElPoderQueNosRobaron-400x400.jpg 400w, https:\/\/laboratoria.red\/wp-content\/uploads\/2024\/11\/RecuperarElPoderQueNosRobaron-600x600.jpg 600w, https:\/\/laboratoria.red\/wp-content\/uploads\/2024\/11\/RecuperarElPoderQueNosRobaron-800x800.jpg 800w, https:\/\/laboratoria.red\/wp-content\/uploads\/2024\/11\/RecuperarElPoderQueNosRobaron-1200x1200.jpg 1200w, https:\/\/laboratoria.red\/wp-content\/uploads\/2024\/11\/RecuperarElPoderQueNosRobaron.jpg 2480w\" sizes=\"(min-width: 2200px) 100vw, (min-width: 712px) 698px, (min-width: 640px) 712px, \" \/><div class=\"fusion-rollover\">\n\t<div class=\"fusion-rollover-content\">\n\n\t\t\t\t\t\t\t\t\t\t\t\t\t\t<a class=\"fusion-rollover-link\" href=\"https:\/\/laboratoria.red\/en\/publicacion\/1-how-to-escape-the-trap-feminist-narratives-against-the-media-siege-and-punitivism\/\">First chapter of &#8220;That Violence That Is More Than One.Feminist Movements, the Punitive State, and Other Horizons of Justice&#8221;<\/a>\n\t\t\t\n\t\t\t\t\t\t\t\t\n\t\t\n\t\t\t\t\t\t\t\t\t\t\t\t<h4 class=\"fusion-rollover-title\">\n\t\t\t\t\t<a class=\"fusion-rollover-title-link\" href=\"https:\/\/laboratoria.red\/en\/publicacion\/1-how-to-escape-the-trap-feminist-narratives-against-the-media-siege-and-punitivism\/\">\n\t\t\t\t\t\tFirst chapter of &#8220;That Violence That Is More Than One.Feminist Movements, the Punitive State, and Other Horizons of Justice&#8221;\t\t\t\t\t<\/a>\n\t\t\t\t<\/h4>\n\t\t\t\n\t\t\t\t\t\t\t\t\n\t\t\n\t\t\t\t\t\t<a class=\"fusion-link-wrapper\" href=\"https:\/\/laboratoria.red\/en\/publicacion\/1-how-to-escape-the-trap-feminist-narratives-against-the-media-siege-and-punitivism\/\" aria-label=\"First chapter of &#8220;That Violence That Is More Than One.Feminist Movements, the Punitive State, and Other Horizons of Justice&#8221;\"><\/a>\n\t<\/div>\n<\/div>\n<\/div>\n<\/div><\/article><article id=\"portfolio-1-post-3116\" class=\"fusion-portfolio-post neoliberalism-conservative-backlash-and-feminisms-in-dispute publications violences-and-feminist-justice fusion-col-spacing post-3116\"><div class=\"fusion-portfolio-content-wrapper\" style=\"border:none;\"><span class=\"entry-title rich-snippet-hidden\">Prologue of That Violence That Is More Than One  Feminist Movements, the Punitive State, and Other Horizons of Justice<\/span><span class=\"vcard rich-snippet-hidden\"><span class=\"fn\"><a href=\"https:\/\/laboratoria.red\/en\/author\/la-laboratoria\/\" title=\"Posts by La Laboratoria\" rel=\"author\">La Laboratoria<\/a><\/span><\/span><span class=\"updated rich-snippet-hidden\">2025-03-31T11:43:08+02:00<\/span><div  class=\"fusion-image-wrapper\" aria-haspopup=\"true\">\n\t\t\t\t<img decoding=\"async\" width=\"1824\" height=\"2560\" src=\"https:\/\/laboratoria.red\/wp-content\/uploads\/2024\/09\/EsaViolenciaQueNoEsUna_Portada-scaled.jpg\" class=\"attachment-full size-full wp-post-image\" alt=\"\" srcset=\"https:\/\/laboratoria.red\/wp-content\/uploads\/2024\/09\/EsaViolenciaQueNoEsUna_Portada-200x281.jpg 200w, https:\/\/laboratoria.red\/wp-content\/uploads\/2024\/09\/EsaViolenciaQueNoEsUna_Portada-400x561.jpg 400w, https:\/\/laboratoria.red\/wp-content\/uploads\/2024\/09\/EsaViolenciaQueNoEsUna_Portada-600x842.jpg 600w, https:\/\/laboratoria.red\/wp-content\/uploads\/2024\/09\/EsaViolenciaQueNoEsUna_Portada-800x1123.jpg 800w, https:\/\/laboratoria.red\/wp-content\/uploads\/2024\/09\/EsaViolenciaQueNoEsUna_Portada-1200x1684.jpg 1200w, https:\/\/laboratoria.red\/wp-content\/uploads\/2024\/09\/EsaViolenciaQueNoEsUna_Portada-scaled.jpg 1824w\" sizes=\"(min-width: 2200px) 100vw, (min-width: 712px) 698px, (min-width: 640px) 712px, \" \/><div class=\"fusion-rollover\">\n\t<div class=\"fusion-rollover-content\">\n\n\t\t\t\t\t\t\t\t\t\t\t\t\t\t<a class=\"fusion-rollover-link\" href=\"https:\/\/laboratoria.red\/en\/publicacion\/prologue-of-that-violence-that-is-more-than-one-feminist-movements-the-punitive-state-and-other-horizons-of-justice\/\">Prologue of That Violence That Is More Than One  Feminist Movements, the Punitive State, and Other Horizons of Justice<\/a>\n\t\t\t\n\t\t\t\t\t\t\t\t\n\t\t\n\t\t\t\t\t\t\t\t\t\t\t\t<h4 class=\"fusion-rollover-title\">\n\t\t\t\t\t<a class=\"fusion-rollover-title-link\" href=\"https:\/\/laboratoria.red\/en\/publicacion\/prologue-of-that-violence-that-is-more-than-one-feminist-movements-the-punitive-state-and-other-horizons-of-justice\/\">\n\t\t\t\t\t\tPrologue of That Violence That Is More Than One  Feminist Movements, the Punitive State, and Other Horizons of Justice\t\t\t\t\t<\/a>\n\t\t\t\t<\/h4>\n\t\t\t\n\t\t\t\t\t\t\t\t\n\t\t\n\t\t\t\t\t\t<a class=\"fusion-link-wrapper\" href=\"https:\/\/laboratoria.red\/en\/publicacion\/prologue-of-that-violence-that-is-more-than-one-feminist-movements-the-punitive-state-and-other-horizons-of-justice\/\" aria-label=\"Prologue of That Violence That Is More Than One  Feminist Movements, the Punitive State, and Other Horizons of Justice\"><\/a>\n\t<\/div>\n<\/div>\n<\/div>\n<\/div><\/article><article id=\"portfolio-1-post-1996\" class=\"fusion-portfolio-post feminist-syndicalism-and-precarity publications fusion-col-spacing post-1996\"><div class=\"fusion-portfolio-content-wrapper\" style=\"border:none;\"><span class=\"entry-title rich-snippet-hidden\">Our Time\/Our Strike. Tools for Thinking and Mapping the Feminist Strike<\/span><span class=\"vcard rich-snippet-hidden\"><span class=\"fn\"><a href=\"https:\/\/laboratoria.red\/en\/author\/bea\/\" title=\"Posts by La Laboratoria\" rel=\"author\">La Laboratoria<\/a><\/span><\/span><span class=\"updated rich-snippet-hidden\">2023-04-17T17:40:29+02:00<\/span><div  class=\"fusion-image-wrapper\" aria-haspopup=\"true\">\n\t\t\t\t<img decoding=\"async\" width=\"497\" height=\"715\" src=\"https:\/\/laboratoria.red\/wp-content\/uploads\/2023\/04\/333019750_590950032935842_5952049774676750445_n.jpg\" class=\"attachment-full size-full wp-post-image\" alt=\"\" srcset=\"https:\/\/laboratoria.red\/wp-content\/uploads\/2023\/04\/333019750_590950032935842_5952049774676750445_n-200x288.jpg 200w, https:\/\/laboratoria.red\/wp-content\/uploads\/2023\/04\/333019750_590950032935842_5952049774676750445_n-400x575.jpg 400w, https:\/\/laboratoria.red\/wp-content\/uploads\/2023\/04\/333019750_590950032935842_5952049774676750445_n.jpg 497w\" sizes=\"(min-width: 2200px) 100vw, (min-width: 712px) 698px, (min-width: 640px) 712px, \" \/><div class=\"fusion-rollover\">\n\t<div class=\"fusion-rollover-content\">\n\n\t\t\t\t\t\t\t\t\t\t\t\t\t\t<a class=\"fusion-rollover-link\" href=\"https:\/\/laboratoria.red\/en\/publicacion\/our-time-our-strike-tools-for-thinking-and-mapping-the-feminist-strike\/\">Our Time\/Our Strike. Tools for Thinking and Mapping the Feminist Strike<\/a>\n\t\t\t\n\t\t\t\t\t\t\t\t\n\t\t\n\t\t\t\t\t\t\t\t\t\t\t\t<h4 class=\"fusion-rollover-title\">\n\t\t\t\t\t<a class=\"fusion-rollover-title-link\" href=\"https:\/\/laboratoria.red\/en\/publicacion\/our-time-our-strike-tools-for-thinking-and-mapping-the-feminist-strike\/\">\n\t\t\t\t\t\tOur Time\/Our Strike. Tools for Thinking and Mapping the Feminist Strike\t\t\t\t\t<\/a>\n\t\t\t\t<\/h4>\n\t\t\t\n\t\t\t\t\t\t\t\t\n\t\t\n\t\t\t\t\t\t<a class=\"fusion-link-wrapper\" href=\"https:\/\/laboratoria.red\/en\/publicacion\/our-time-our-strike-tools-for-thinking-and-mapping-the-feminist-strike\/\" aria-label=\"Our Time\/Our Strike. Tools for Thinking and Mapping the Feminist Strike\"><\/a>\n\t<\/div>\n<\/div>\n<\/div>\n<\/div><\/article><article id=\"portfolio-1-post-1880\" class=\"fusion-portfolio-post feminist-syndicalism-and-precarity publications fusion-col-spacing post-1880\"><div class=\"fusion-portfolio-content-wrapper\" style=\"border:none;\"><span class=\"entry-title rich-snippet-hidden\">Introduction to \u00abFrom Farm-Work to Care-Work. Towards a Feminist and Anti-racist Syndicalism\u00bb<\/span><span class=\"vcard rich-snippet-hidden\"><span class=\"fn\"><a href=\"https:\/\/laboratoria.red\/en\/author\/bea\/\" title=\"Posts by La Laboratoria\" rel=\"author\">La Laboratoria<\/a><\/span><\/span><span class=\"updated rich-snippet-hidden\">2022-09-14T15:58:58+02:00<\/span><div  class=\"fusion-image-wrapper\" aria-haspopup=\"true\">\n\t\t\t\t<img decoding=\"async\" width=\"745\" height=\"1024\" src=\"https:\/\/laboratoria.red\/wp-content\/uploads\/2022\/09\/Cuaderno_Pastora-745x1024-1.jpg\" class=\"attachment-full size-full wp-post-image\" alt=\"\" srcset=\"https:\/\/laboratoria.red\/wp-content\/uploads\/2022\/09\/Cuaderno_Pastora-745x1024-1-200x275.jpg 200w, https:\/\/laboratoria.red\/wp-content\/uploads\/2022\/09\/Cuaderno_Pastora-745x1024-1-400x550.jpg 400w, https:\/\/laboratoria.red\/wp-content\/uploads\/2022\/09\/Cuaderno_Pastora-745x1024-1-600x825.jpg 600w, https:\/\/laboratoria.red\/wp-content\/uploads\/2022\/09\/Cuaderno_Pastora-745x1024-1.jpg 745w\" sizes=\"(min-width: 2200px) 100vw, (min-width: 712px) 698px, (min-width: 640px) 712px, \" \/><div class=\"fusion-rollover\">\n\t<div class=\"fusion-rollover-content\">\n\n\t\t\t\t\t\t\t\t\t\t\t\t\t\t<a class=\"fusion-rollover-link\" href=\"https:\/\/laboratoria.red\/en\/publicacion\/introduction-to-from-farm-work-to-care-work-towards-a-feminist-and-anti-racist-syndicalism\/\">Introduction to \u00abFrom Farm-Work to Care-Work. Towards a Feminist and Anti-racist Syndicalism\u00bb<\/a>\n\t\t\t\n\t\t\t\t\t\t\t\t\n\t\t\n\t\t\t\t\t\t\t\t\t\t\t\t<h4 class=\"fusion-rollover-title\">\n\t\t\t\t\t<a class=\"fusion-rollover-title-link\" href=\"https:\/\/laboratoria.red\/en\/publicacion\/introduction-to-from-farm-work-to-care-work-towards-a-feminist-and-anti-racist-syndicalism\/\">\n\t\t\t\t\t\tIntroduction to \u00abFrom Farm-Work to Care-Work. Towards a Feminist and Anti-racist Syndicalism\u00bb\t\t\t\t\t<\/a>\n\t\t\t\t<\/h4>\n\t\t\t\n\t\t\t\t\t\t\t\t\n\t\t\n\t\t\t\t\t\t<a class=\"fusion-link-wrapper\" href=\"https:\/\/laboratoria.red\/en\/publicacion\/introduction-to-from-farm-work-to-care-work-towards-a-feminist-and-anti-racist-syndicalism\/\" aria-label=\"Introduction to \u00abFrom Farm-Work to Care-Work. Towards a Feminist and Anti-racist Syndicalism\u00bb\"><\/a>\n\t<\/div>\n<\/div>\n<\/div>\n<\/div><\/article><\/div><\/div><div class=\"fusion-clearfix\"><\/div><\/div><\/div><div class=\"fusion-layout-column fusion_builder_column fusion-builder-column-3 fusion_builder_column_1_2 1_2 fusion-one-half fusion-column-last\" style=\"--awb-padding-top:4%;--awb-padding-right:5%;--awb-padding-bottom:2%;--awb-padding-left:5%;--awb-bg-color:#f389ad;--awb-bg-color-hover:#f389ad;--awb-bg-size:cover;--awb-margin-top:5px;--awb-margin-bottom:0px;width:50%;width:calc(50% - ( ( 5px ) * 0.5 ) );\"><div class=\"fusion-column-wrapper fusion-column-has-shadow fusion-flex-column-wrapper-legacy\"><div class=\"fusion-title title fusion-title-8 sep-underline sep-solid fusion-title-center fusion-title-text fusion-title-size-two\" style=\"--awb-text-color:#ffffff;--awb-margin-top-small:4%;--awb-sep-color:#ffffff;\"><h2 class=\"fusion-title-heading title-heading-center fusion-responsive-typography-calculated\" style=\"margin:0;--fontSize:24;line-height:1.5;\">NOTES<\/h2><\/div><style type=\"text\/css\">.fusion-portfolio-wrapper#fusion-portfolio-2 .fusion-portfolio-content{  text-align: center; }<\/style><div class=\"fusion-recent-works fusion-portfolio-element fusion-portfolio fusion-portfolio-2 fusion-portfolio-grid fusion-portfolio-paging-none fusion-portfolio-two fusion-portfolio-unboxed fusion-portfolio-text fusion-portfolio-equal-heights fusion-portfolio-rollover\" data-id=\"-rw-2\" data-columns=\"two\" id=\"noticias\"><style type=\"text\/css\">.fusion-portfolio-2 .fusion-portfolio-wrapper .fusion-col-spacing{padding:10px;}<\/style><div class=\"fusion-portfolio-wrapper\" id=\"fusion-portfolio-2\" data-picturesize=\"fixed\" data-pages=\"2\" style=\"margin:-10px;\"><article id=\"portfolio-2-post-3182\" class=\"fusion-portfolio-post neoliberalism-conservative-backlash-and-feminisms-in-dispute notes violences-and-feminist-justice fusion-col-spacing post-3182\"><div class=\"fusion-portfolio-content-wrapper\" style=\"border:none;\"><span class=\"vcard rich-snippet-hidden\"><span class=\"fn\"><a href=\"https:\/\/laboratoria.red\/en\/author\/la-laboratoria\/\" title=\"Posts by La Laboratoria\" rel=\"author\">La Laboratoria<\/a><\/span><\/span><span class=\"updated rich-snippet-hidden\">2025-07-13T19:00:35+02:00<\/span><div  class=\"fusion-image-wrapper fusion-image-size-fixed\" aria-haspopup=\"true\">\n\t\t\t\t<img decoding=\"async\" width=\"460\" height=\"295\" src=\"https:\/\/laboratoria.red\/wp-content\/uploads\/2025\/07\/JUNTAS-460x295.jpg\" class=\"attachment-portfolio-two size-portfolio-two wp-post-image\" alt=\"\" \/><div class=\"fusion-rollover\">\n\t<div class=\"fusion-rollover-content\">\n\n\t\t\t\t\t\t\t\t\t\t\t\t\t\t<a class=\"fusion-rollover-link\" href=\"https:\/\/laboratoria.red\/en\/publicacion\/in-the-spiders-web-violence-against-children-and-the-struggle-of-protective-mothers-prologue\/\">In the spider&#8217;s web. Violence against children and the struggle of protective mothers. Prologue.<\/a>\n\t\t\t\n\t\t\t\t\t\t\t\t\n\t\t\n\t\t\t\t\t\t\t\t\t\t\t\t<h4 class=\"fusion-rollover-title\">\n\t\t\t\t\t<a class=\"fusion-rollover-title-link\" href=\"https:\/\/laboratoria.red\/en\/publicacion\/in-the-spiders-web-violence-against-children-and-the-struggle-of-protective-mothers-prologue\/\">\n\t\t\t\t\t\tIn the spider&#8217;s web. Violence against children and the struggle of protective mothers. Prologue.\t\t\t\t\t<\/a>\n\t\t\t\t<\/h4>\n\t\t\t\n\t\t\t\t\t\t\t\t\n\t\t\n\t\t\t\t\t\t<a class=\"fusion-link-wrapper\" href=\"https:\/\/laboratoria.red\/en\/publicacion\/in-the-spiders-web-violence-against-children-and-the-struggle-of-protective-mothers-prologue\/\" aria-label=\"In the spider&#8217;s web. Violence against children and the struggle of protective mothers. Prologue.\"><\/a>\n\t<\/div>\n<\/div>\n<\/div>\n<div class=\"fusion-portfolio-content\"><h2 class=\"entry-title fusion-post-title\"><a href=\"https:\/\/laboratoria.red\/en\/publicacion\/in-the-spiders-web-violence-against-children-and-the-struggle-of-protective-mothers-prologue\/\">In the spider&#8217;s web. Violence against children and the struggle of protective mothers. Prologue.<\/a><\/h2><div class=\"fusion-post-content\"><\/div><\/div><\/div><\/article><article id=\"portfolio-2-post-3179\" class=\"fusion-portfolio-post feminist-syndicalism-and-precarity notes fusion-col-spacing post-3179\"><div class=\"fusion-portfolio-content-wrapper\" style=\"border:none;\"><span class=\"vcard rich-snippet-hidden\"><span class=\"fn\"><a href=\"https:\/\/laboratoria.red\/en\/author\/la-laboratoria\/\" title=\"Posts by La Laboratoria\" rel=\"author\">La Laboratoria<\/a><\/span><\/span><span class=\"updated rich-snippet-hidden\">2025-07-14T08:21:01+02:00<\/span><div  class=\"fusion-image-wrapper fusion-image-size-fixed\" aria-haspopup=\"true\">\n\t\t\t\t<img decoding=\"async\" width=\"460\" height=\"295\" src=\"https:\/\/laboratoria.red\/wp-content\/uploads\/2025\/05\/Marcha_Ni_Una_menos_en_Buenos_Aires_57-460x295.jpg\" class=\"attachment-portfolio-two size-portfolio-two wp-post-image\" alt=\"\" \/><div class=\"fusion-rollover\">\n\t<div class=\"fusion-rollover-content\">\n\n\t\t\t\t\t\t\t\t\t\t\t\t\t\t<a class=\"fusion-rollover-link\" href=\"https:\/\/laboratoria.red\/en\/publicacion\/the-reinvention-of-the-strike-10-years-of-feminist-uprising-in-argentina\/\">The reinvention of the strike: 10 years of feminist uprising in Argentina<\/a>\n\t\t\t\n\t\t\t\t\t\t\t\t\n\t\t\n\t\t\t\t\t\t\t\t\t\t\t\t<h4 class=\"fusion-rollover-title\">\n\t\t\t\t\t<a class=\"fusion-rollover-title-link\" href=\"https:\/\/laboratoria.red\/en\/publicacion\/the-reinvention-of-the-strike-10-years-of-feminist-uprising-in-argentina\/\">\n\t\t\t\t\t\tThe reinvention of the strike: 10 years of feminist uprising in Argentina\t\t\t\t\t<\/a>\n\t\t\t\t<\/h4>\n\t\t\t\n\t\t\t\t\t\t\t\t\n\t\t\n\t\t\t\t\t\t<a class=\"fusion-link-wrapper\" href=\"https:\/\/laboratoria.red\/en\/publicacion\/the-reinvention-of-the-strike-10-years-of-feminist-uprising-in-argentina\/\" aria-label=\"The reinvention of the strike: 10 years of feminist uprising in Argentina\"><\/a>\n\t<\/div>\n<\/div>\n<\/div>\n<div class=\"fusion-portfolio-content\"><h2 class=\"entry-title fusion-post-title\"><a href=\"https:\/\/laboratoria.red\/en\/publicacion\/the-reinvention-of-the-strike-10-years-of-feminist-uprising-in-argentina\/\">The reinvention of the strike: 10 years of feminist uprising in Argentina<\/a><\/h2><div class=\"fusion-post-content\"><\/div><\/div><\/div><\/article><article id=\"portfolio-2-post-3174\" class=\"fusion-portfolio-post care-community-commons neoliberalism-conservative-backlash-and-feminisms-in-dispute notes fusion-col-spacing post-3174\"><div class=\"fusion-portfolio-content-wrapper\" style=\"border:none;\"><span class=\"vcard rich-snippet-hidden\"><span class=\"fn\"><a href=\"https:\/\/laboratoria.red\/en\/author\/la-laboratoria\/\" title=\"Posts by La Laboratoria\" rel=\"author\">La Laboratoria<\/a><\/span><\/span><span class=\"updated rich-snippet-hidden\">2025-07-13T16:55:59+02:00<\/span><div  class=\"fusion-image-wrapper fusion-image-size-fixed\" aria-haspopup=\"true\">\n\t\t\t\t<img decoding=\"async\" width=\"460\" height=\"295\" src=\"https:\/\/laboratoria.red\/wp-content\/uploads\/2025\/02\/Fatima-Ouassak-credit-Marie-Rouge-3-460x295.jpg\" class=\"attachment-portfolio-two size-portfolio-two wp-post-image\" alt=\"\" \/><div class=\"fusion-rollover\">\n\t<div class=\"fusion-rollover-content\">\n\n\t\t\t\t\t\t\t\t\t\t\t\t\t\t<a class=\"fusion-rollover-link\" href=\"https:\/\/laboratoria.red\/en\/publicacion\/fatima-ouassak-on-the-power-of-mothers\/\">Fatima Ouassak on the power of mothers<\/a>\n\t\t\t\n\t\t\t\t\t\t\t\t\n\t\t\n\t\t\t\t\t\t\t\t\t\t\t\t<h4 class=\"fusion-rollover-title\">\n\t\t\t\t\t<a class=\"fusion-rollover-title-link\" href=\"https:\/\/laboratoria.red\/en\/publicacion\/fatima-ouassak-on-the-power-of-mothers\/\">\n\t\t\t\t\t\tFatima Ouassak on the power of mothers\t\t\t\t\t<\/a>\n\t\t\t\t<\/h4>\n\t\t\t\n\t\t\t\t\t\t\t\t\n\t\t\n\t\t\t\t\t\t<a class=\"fusion-link-wrapper\" href=\"https:\/\/laboratoria.red\/en\/publicacion\/fatima-ouassak-on-the-power-of-mothers\/\" aria-label=\"Fatima Ouassak on the power of mothers\"><\/a>\n\t<\/div>\n<\/div>\n<\/div>\n<div class=\"fusion-portfolio-content\"><h2 class=\"entry-title fusion-post-title\"><a href=\"https:\/\/laboratoria.red\/en\/publicacion\/fatima-ouassak-on-the-power-of-mothers\/\">Fatima Ouassak on the power of mothers<\/a><\/h2><div class=\"fusion-post-content\"><\/div><\/div><\/div><\/article><article id=\"portfolio-2-post-3170\" class=\"fusion-portfolio-post notes fusion-col-spacing post-3170\"><div class=\"fusion-portfolio-content-wrapper\" style=\"border:none;\"><span class=\"vcard rich-snippet-hidden\"><span class=\"fn\"><a href=\"https:\/\/laboratoria.red\/en\/author\/la-laboratoria\/\" title=\"Posts by La Laboratoria\" rel=\"author\">La Laboratoria<\/a><\/span><\/span><span class=\"updated rich-snippet-hidden\">2025-07-10T10:12:58+02:00<\/span><div  class=\"fusion-image-wrapper fusion-image-size-fixed\" aria-haspopup=\"true\">\n\t\t\t\t<img decoding=\"async\" width=\"460\" height=\"295\" src=\"https:\/\/laboratoria.red\/wp-content\/uploads\/2024\/11\/RecuperarElPoderQueNosRobaron-460x295.jpg\" class=\"attachment-portfolio-two size-portfolio-two wp-post-image\" alt=\"Ilustraci\u00f3n Vane Juli\u00e1n\" \/><div class=\"fusion-rollover\">\n\t<div class=\"fusion-rollover-content\">\n\n\t\t\t\t\t\t\t\t\t\t\t\t\t\t<a class=\"fusion-rollover-link\" href=\"https:\/\/laboratoria.red\/en\/publicacion\/building-self-defence-is-building-self-government-taking-back-the-power-stolen-from-us\/\">Building self-defence is building self-government. Taking back the power stolen from us<\/a>\n\t\t\t\n\t\t\t\t\t\t\t\t\n\t\t\n\t\t\t\t\t\t\t\t\t\t\t\t<h4 class=\"fusion-rollover-title\">\n\t\t\t\t\t<a class=\"fusion-rollover-title-link\" href=\"https:\/\/laboratoria.red\/en\/publicacion\/building-self-defence-is-building-self-government-taking-back-the-power-stolen-from-us\/\">\n\t\t\t\t\t\tBuilding self-defence is building self-government. Taking back the power stolen from us\t\t\t\t\t<\/a>\n\t\t\t\t<\/h4>\n\t\t\t\n\t\t\t\t\t\t\t\t\n\t\t\n\t\t\t\t\t\t<a class=\"fusion-link-wrapper\" href=\"https:\/\/laboratoria.red\/en\/publicacion\/building-self-defence-is-building-self-government-taking-back-the-power-stolen-from-us\/\" aria-label=\"Building self-defence is building self-government. Taking back the power stolen from us\"><\/a>\n\t<\/div>\n<\/div>\n<\/div>\n<div class=\"fusion-portfolio-content\"><h2 class=\"entry-title fusion-post-title\"><a href=\"https:\/\/laboratoria.red\/en\/publicacion\/building-self-defence-is-building-self-government-taking-back-the-power-stolen-from-us\/\">Building self-defence is building self-government. Taking back the power stolen from us<\/a><\/h2><div class=\"fusion-post-content\"><\/div><\/div><\/div><\/article><article id=\"portfolio-2-post-3165\" class=\"fusion-portfolio-post notes fusion-col-spacing post-3165\"><div class=\"fusion-portfolio-content-wrapper\" style=\"border:none;\"><span class=\"vcard rich-snippet-hidden\"><span class=\"fn\"><a href=\"https:\/\/laboratoria.red\/en\/author\/la-laboratoria\/\" title=\"Posts by La Laboratoria\" rel=\"author\">La Laboratoria<\/a><\/span><\/span><span class=\"updated rich-snippet-hidden\">2025-07-02T15:39:29+02:00<\/span><div  class=\"fusion-image-wrapper fusion-image-size-fixed\" aria-haspopup=\"true\">\n\t\t\t\t<img decoding=\"async\" width=\"460\" height=\"295\" src=\"https:\/\/laboratoria.red\/wp-content\/uploads\/2025\/07\/SILENCIO-460x295.jpg\" class=\"attachment-portfolio-two size-portfolio-two wp-post-image\" alt=\"\" \/><div class=\"fusion-rollover\">\n\t<div class=\"fusion-rollover-content\">\n\n\t\t\t\t\t\t\t\t\t\t\t\t\t\t<a class=\"fusion-rollover-link\" href=\"https:\/\/laboratoria.red\/en\/publicacion\/infamy-is-free-media-and-judicial-criminalization-in-infancia-libre-case\/\">Infamy is Free Media and Judicial Criminalization in Infancia Libre Case<\/a>\n\t\t\t\n\t\t\t\t\t\t\t\t\n\t\t\n\t\t\t\t\t\t\t\t\t\t\t\t<h4 class=\"fusion-rollover-title\">\n\t\t\t\t\t<a class=\"fusion-rollover-title-link\" href=\"https:\/\/laboratoria.red\/en\/publicacion\/infamy-is-free-media-and-judicial-criminalization-in-infancia-libre-case\/\">\n\t\t\t\t\t\tInfamy is Free Media and Judicial Criminalization in Infancia Libre Case\t\t\t\t\t<\/a>\n\t\t\t\t<\/h4>\n\t\t\t\n\t\t\t\t\t\t\t\t\n\t\t\n\t\t\t\t\t\t<a class=\"fusion-link-wrapper\" href=\"https:\/\/laboratoria.red\/en\/publicacion\/infamy-is-free-media-and-judicial-criminalization-in-infancia-libre-case\/\" aria-label=\"Infamy is Free Media and Judicial Criminalization in Infancia Libre Case\"><\/a>\n\t<\/div>\n<\/div>\n<\/div>\n<div class=\"fusion-portfolio-content\"><h2 class=\"entry-title fusion-post-title\"><a href=\"https:\/\/laboratoria.red\/en\/publicacion\/infamy-is-free-media-and-judicial-criminalization-in-infancia-libre-case\/\">Infamy is Free Media and Judicial Criminalization in Infancia Libre Case<\/a><\/h2><div class=\"fusion-post-content\"><\/div><\/div><\/div><\/article><article id=\"portfolio-2-post-3157\" class=\"fusion-portfolio-post feminist-syndicalism-and-precarity notes fusion-col-spacing post-3157\"><div class=\"fusion-portfolio-content-wrapper\" style=\"border:none;\"><span class=\"vcard rich-snippet-hidden\"><span class=\"fn\"><a href=\"https:\/\/laboratoria.red\/en\/author\/la-laboratoria\/\" title=\"Posts by La Laboratoria\" rel=\"author\">La Laboratoria<\/a><\/span><\/span><span class=\"updated rich-snippet-hidden\">2025-05-19T15:05:07+02:00<\/span><div  class=\"fusion-image-wrapper fusion-image-size-fixed\" aria-haspopup=\"true\">\n\t\t\t\t<img decoding=\"async\" width=\"460\" height=\"295\" src=\"https:\/\/laboratoria.red\/wp-content\/uploads\/2025\/05\/labo_4_baja-460x295.jpg\" class=\"attachment-portfolio-two size-portfolio-two wp-post-image\" alt=\"\" \/><div class=\"fusion-rollover\">\n\t<div class=\"fusion-rollover-content\">\n\n\t\t\t\t\t\t\t\t\t\t\t\t\t\t<a class=\"fusion-rollover-link\" href=\"https:\/\/laboratoria.red\/en\/publicacion\/riders-on-the-storm-delivery-platform-workers-fight-back-chapter-1-second-part\/\">Riders on the storm. Delivery Platform Workers Fight Back. (Chapter 1, second part)<\/a>\n\t\t\t\n\t\t\t\t\t\t\t\t\n\t\t\n\t\t\t\t\t\t\t\t\t\t\t\t<h4 class=\"fusion-rollover-title\">\n\t\t\t\t\t<a class=\"fusion-rollover-title-link\" href=\"https:\/\/laboratoria.red\/en\/publicacion\/riders-on-the-storm-delivery-platform-workers-fight-back-chapter-1-second-part\/\">\n\t\t\t\t\t\tRiders on the storm. Delivery Platform Workers Fight Back. (Chapter 1, second part)\t\t\t\t\t<\/a>\n\t\t\t\t<\/h4>\n\t\t\t\n\t\t\t\t\t\t\t\t\n\t\t\n\t\t\t\t\t\t<a class=\"fusion-link-wrapper\" href=\"https:\/\/laboratoria.red\/en\/publicacion\/riders-on-the-storm-delivery-platform-workers-fight-back-chapter-1-second-part\/\" aria-label=\"Riders on the storm. Delivery Platform Workers Fight Back. (Chapter 1, second part)\"><\/a>\n\t<\/div>\n<\/div>\n<\/div>\n<div class=\"fusion-portfolio-content\"><h2 class=\"entry-title fusion-post-title\"><a href=\"https:\/\/laboratoria.red\/en\/publicacion\/riders-on-the-storm-delivery-platform-workers-fight-back-chapter-1-second-part\/\">Riders on the storm. Delivery Platform Workers Fight Back. (Chapter 1, second part)<\/a><\/h2><div class=\"fusion-post-content\"><\/div><\/div><\/div><\/article><\/div><\/div><div class=\"fusion-clearfix\"><\/div><\/div><\/div><\/div><\/div><div class=\"fusion-fullwidth fullwidth-box fusion-builder-row-3 hundred-percent-fullwidth non-hundred-percent-height-scrolling fusion-equal-height-columns\" style=\"--awb-border-radius-top-left:0px;--awb-border-radius-top-right:0px;--awb-border-radius-bottom-right:0px;--awb-border-radius-bottom-left:0px;--awb-padding-top:0px;--awb-padding-right:0px;--awb-padding-bottom:0px;--awb-padding-left:0px;--awb-margin-top:0px;--awb-margin-bottom:0px;--awb-flex-wrap:wrap;\" ><div class=\"fusion-builder-row fusion-row\"><div class=\"fusion-layout-column fusion_builder_column fusion-builder-column-4 fusion_builder_column_1_2 1_2 fusion-one-half fusion-column-first\" style=\"--awb-padding-top:4%;--awb-padding-right:5%;--awb-padding-bottom:2%;--awb-padding-left:5%;--awb-bg-color:rgba(255,235,59,0.58);--awb-bg-color-hover:rgba(255,235,59,0.58);--awb-bg-size:cover;--awb-margin-top:5px;--awb-margin-bottom:0px;width:50%;width:calc(50% - ( ( 5px ) * 0.5 ) );margin-right: 5px;\"><div class=\"fusion-column-wrapper fusion-column-has-shadow fusion-flex-column-wrapper-legacy\"><div class=\"fusion-title title fusion-title-9 sep-underline sep-solid fusion-title-center fusion-title-text fusion-title-size-two\" style=\"--awb-text-color:#000000;--awb-margin-top-small:4%;--awb-sep-color:#000000;\"><h2 class=\"fusion-title-heading title-heading-center fusion-responsive-typography-calculated\" style=\"margin:0;--fontSize:24;line-height:1.5;\">ACTIVITIES<\/h2><\/div><div class=\"fusion-text fusion-text-3\"><p>La Laboratoria organizes events to share the analysis and practices emerging from different experiences of feminist struggle, as well as the results of the research initiatives, in hopes of encouraging the circulation of analysis and debates at a global level, cross-pollinating ideas and first-hand knowledge from different local realities.<\/p>\n<div class=\"fusion-sep-clear\"><\/div><div class=\"fusion-separator fusion-full-width-sep\" style=\"margin-left: auto;margin-right: auto;width:100%;\"><div class=\"fusion-separator-border sep-solid sep-single\" style=\"--awb-height:20px;--awb-amount:20px;border-color:#e91e63;border-top-width:0px;\"><\/div><\/div><div class=\"fusion-sep-clear\"><\/div>\n<\/div><div class=\"fusion-clearfix\"><\/div><\/div><\/div><div class=\"fusion-layout-column fusion_builder_column fusion-builder-column-5 fusion_builder_column_1_2 1_2 fusion-one-half fusion-column-last\" style=\"--awb-padding-top:4%;--awb-padding-right:5%;--awb-padding-bottom:2%;--awb-padding-left:5%;--awb-bg-color:#000000;--awb-bg-color-hover:#000000;--awb-bg-size:cover;--awb-margin-top:5px;--awb-margin-bottom:0px;width:50%;width:calc(50% - ( ( 5px ) * 0.5 ) );\"><div class=\"fusion-column-wrapper fusion-column-has-shadow fusion-flex-column-wrapper-legacy\"><div class=\"fusion-title title fusion-title-10 sep-underline sep-solid fusion-title-center fusion-title-text fusion-title-size-two\" style=\"--awb-text-color:#e91e63;--awb-margin-top-small:4%;--awb-sep-color:#e91e63;\"><h2 class=\"fusion-title-heading title-heading-center fusion-responsive-typography-calculated\" style=\"margin:0;--fontSize:24;line-height:1.5;\"><span style=\"color: #ffffff;\">NODES<\/span><\/h2><\/div><div class=\"fusion-text fusion-text-4\"><p><span style=\"color: #ffffff;\">The nodes of our network are rooted in specific places; from those places they organize trips and encounters, produce and accompany situated research, encourage discussion, publish materials, seek local funding and disseminate publications.<\/span><\/p>\n<\/div><div class=\"accordian fusion-accordian\" style=\"--awb-border-size:1px;--awb-icon-size:16px;--awb-content-font-size:16px;--awb-icon-alignment:left;--awb-hover-color:#f9f9f9;--awb-border-color:#e91e63;--awb-background-color:#e91e63;--awb-divider-color:#e91e63;--awb-divider-hover-color:#e91e63;--awb-icon-color:#e91e63;--awb-title-color:#e91e63;--awb-content-color:#494949;--awb-icon-box-color:#333333;--awb-toggle-hover-accent-color:#e91e63;--awb-title-font-family:&quot;Fjalla One&quot;;--awb-title-font-weight:400;--awb-title-font-style:normal;--awb-title-font-size:16px;--awb-title-line-height:1.5;--awb-content-font-family:&quot;Lato&quot;;--awb-content-font-style:normal;--awb-content-font-weight:400;\" id=\"nodos_acordeon\"><div class=\"panel-group fusion-toggle-icon-unboxed\" id=\"accordion-3157-1\"><div class=\"fusion-panel panel-default panel-0e6b565688a74b53f fusion-toggle-no-divider\"><div class=\"panel-heading\"><h4 class=\"panel-title toggle\" id=\"toggle_0e6b565688a74b53f\"><a aria-expanded=\"false\" aria-controls=\"0e6b565688a74b53f\" role=\"button\" data-toggle=\"collapse\" data-parent=\"#accordion-3157-1\" data-target=\"#0e6b565688a74b53f\" href=\"#0e6b565688a74b53f\"><span class=\"fusion-toggle-icon-wrapper\" aria-hidden=\"true\"><i class=\"fa-fusion-box active-icon awb-icon-minus\" aria-hidden=\"true\"><\/i><i class=\"fa-fusion-box inactive-icon awb-icon-plus\" aria-hidden=\"true\"><\/i><\/span><span class=\"fusion-toggle-heading\">Buenos Aires GIIF<\/span><\/a><\/h4><\/div><div id=\"0e6b565688a74b53f\" class=\"panel-collapse collapse \" aria-labelledby=\"toggle_0e6b565688a74b53f\"><div class=\"panel-body toggle-content fusion-clearfix\">\n<p>The <em>Grupo de Investigaci\u00f3n Intervenci\u00f3n Feminista<\/em> (GIIF) is an interdisciplinary collective of research and action in the field of feminist economics. From this perspective it addresses problems along three principle lines: work, violence and political practice. Through our work we hope to produce knowledge and contribute to building conceptualizations and diagnoses within the feminist movement. We work in alliance with feminist and union organizations, and organize sessions for training and debate in a range of contexts.<\/p>\n<\/div><\/div><\/div><div class=\"fusion-panel panel-default panel-ebf5b2089b4325815 fusion-toggle-no-divider\"><div class=\"panel-heading\"><h4 class=\"panel-title toggle\" id=\"toggle_ebf5b2089b4325815\"><a aria-expanded=\"false\" aria-controls=\"ebf5b2089b4325815\" role=\"button\" data-toggle=\"collapse\" data-parent=\"#accordion-3157-1\" data-target=\"#ebf5b2089b4325815\" href=\"#ebf5b2089b4325815\"><span class=\"fusion-toggle-icon-wrapper\" aria-hidden=\"true\"><i class=\"fa-fusion-box active-icon awb-icon-minus\" aria-hidden=\"true\"><\/i><i class=\"fa-fusion-box inactive-icon awb-icon-plus\" aria-hidden=\"true\"><\/i><\/span><span class=\"fusion-toggle-heading\">Quito<\/span><\/a><\/h4><\/div><div id=\"ebf5b2089b4325815\" class=\"panel-collapse collapse \" aria-labelledby=\"toggle_ebf5b2089b4325815\"><div class=\"panel-body toggle-content fusion-clearfix\">\n<p>The Quito node is grouped around <em>La Flor de Guanto,<\/em> a feminist discussion and learning community and a magazine of the same name. Some women also participate in feminist and ecological collectives and initiatives such as <em>Mujeres de Frente, Acci\u00f3n Ecol\u00f3gica, La Red Universitaria contra el Acoso Sexual, el Colectivo de Geograf\u00eda Cr\u00edtica,<\/em> and others. Some of us work and study in universities, others earn a living accompanying activist processes through research-action. The majority of us are in Quito, and although some have left they remain with us in a thousand different ways. We come together against patriarchal violence, the dispossession and criminalization of women and impoverished persons, extractivism and conservative fundamentalisms. But above all, we conspire to knit relations of mutual aid in diversity and adversity, uniting ourselves with others. We conspire to make ourselves stronger and freer, together.<\/p>\n<\/div><\/div><\/div><div class=\"fusion-panel panel-default panel-5b69958cc72eff648 fusion-toggle-no-divider\"><div class=\"panel-heading\"><h4 class=\"panel-title toggle\" id=\"toggle_5b69958cc72eff648\"><a aria-expanded=\"false\" aria-controls=\"5b69958cc72eff648\" role=\"button\" data-toggle=\"collapse\" data-parent=\"#accordion-3157-1\" data-target=\"#5b69958cc72eff648\" href=\"#5b69958cc72eff648\"><span class=\"fusion-toggle-icon-wrapper\" aria-hidden=\"true\"><i class=\"fa-fusion-box active-icon awb-icon-minus\" aria-hidden=\"true\"><\/i><i class=\"fa-fusion-box inactive-icon awb-icon-plus\" aria-hidden=\"true\"><\/i><\/span><span class=\"fusion-toggle-heading\">New York<\/span><\/a><\/h4><\/div><div id=\"5b69958cc72eff648\" class=\"panel-collapse collapse \" aria-labelledby=\"toggle_5b69958cc72eff648\"><div class=\"panel-body toggle-content fusion-clearfix\">\n<p>The New York node is still taking shape. We are motivated by the idea of creating spaces of accompaniment, intervention and situated research that articulate the work of different collectives. We hope to co-generate encounters and workshops, promote the creation of methodologies and tools that support the knowledges generated in struggle and explore these diverse narratives in visual and audio formats.<\/p>\n<\/div><\/div><\/div><div class=\"fusion-panel panel-default panel-79827c6f913c801fa fusion-toggle-no-divider\"><div class=\"panel-heading\"><h4 class=\"panel-title toggle\" id=\"toggle_79827c6f913c801fa\"><a aria-expanded=\"false\" aria-controls=\"79827c6f913c801fa\" role=\"button\" data-toggle=\"collapse\" data-parent=\"#accordion-3157-1\" data-target=\"#79827c6f913c801fa\" href=\"#79827c6f913c801fa\"><span class=\"fusion-toggle-icon-wrapper\" aria-hidden=\"true\"><i class=\"fa-fusion-box active-icon awb-icon-minus\" aria-hidden=\"true\"><\/i><i class=\"fa-fusion-box inactive-icon awb-icon-plus\" aria-hidden=\"true\"><\/i><\/span><span class=\"fusion-toggle-heading\">Madrid<\/span><\/a><\/h4><\/div><div id=\"79827c6f913c801fa\" class=\"panel-collapse collapse \" aria-labelledby=\"toggle_79827c6f913c801fa\"><div class=\"panel-body toggle-content fusion-clearfix\">\n<p>From the Madrid node we hope to promote and accompany processes of situated feminist research, co-producing materials and encounters that tell other stories from positions of struggle and rebellion in the language of the participants themselves, in order to shed light on more promising worlds and thereby orient our actions. We work in conversation and collaborations with a web of allies in the city and beyond.<\/p>\n<\/div><\/div><\/div><div class=\"fusion-panel panel-default panel-4240e43b0532cf133 fusion-toggle-no-divider\"><div class=\"panel-heading\"><h4 class=\"panel-title toggle\" id=\"toggle_4240e43b0532cf133\"><a aria-expanded=\"false\" aria-controls=\"4240e43b0532cf133\" role=\"button\" data-toggle=\"collapse\" data-parent=\"#accordion-3157-1\" data-target=\"#4240e43b0532cf133\" href=\"#4240e43b0532cf133\"><span class=\"fusion-toggle-icon-wrapper\" aria-hidden=\"true\"><i class=\"fa-fusion-box active-icon awb-icon-minus\" aria-hidden=\"true\"><\/i><i class=\"fa-fusion-box inactive-icon awb-icon-plus\" aria-hidden=\"true\"><\/i><\/span><span class=\"fusion-toggle-heading\">Porto Alegre<\/span><\/a><\/h4><\/div><div id=\"4240e43b0532cf133\" class=\"panel-collapse collapse \" aria-labelledby=\"toggle_4240e43b0532cf133\"><div class=\"panel-body toggle-content fusion-clearfix\">\n<p>The Porto Alegre node is taking shape. We are driven by the desire to build multiple interventions, share networks and experiences, create plural spaces and encourage activist research. We accept the challenge of intellectual practices that are specific interventions, seeking semantics capable of confronting the present through the radical materiality of bodies and creating new ways of living in common. We work to analyze the world through antiracist and anticolonial feminist perspectives, as a point of departure from which to build alliances, encounters, workshops, writings and translations, and as a way to develop rebel strategies to orient our actions.<\/p>\n<\/div><\/div><\/div><\/div><\/div><div class=\"fusion-title title fusion-title-11 sep-underline sep-solid fusion-title-center fusion-title-text fusion-title-size-two\" style=\"--awb-text-color:#ffffff;--awb-margin-top:4%;--awb-margin-top-small:6%;--awb-sep-color:#e91e63;\"><h2 class=\"fusion-title-heading title-heading-center fusion-responsive-typography-calculated\" style=\"margin:0;--fontSize:24;line-height:1.5;\">COUNCIL OF WISE WOMEN<\/h2><\/div><div class=\"fusion-text fusion-text-5\"><p><span style=\"color: #ffffff;\">Allies and advisors, theorists and well-known activists with a long history of feminist organizing, research and writing, offer inspiration and accompaniment to collectives and activists undertaking research. They participate in encounters and collective production laboratories.<\/span><\/p>\n<\/div><div class=\"fusion-clearfix\"><\/div><\/div><\/div><\/div><\/div><\/p>\n","protected":false},"excerpt":{"rendered":"","protected":false},"author":1,"featured_media":0,"parent":0,"menu_order":0,"comment_status":"closed","ping_status":"open","template":"100-width.php","meta":{"footnotes":""},"class_list":["post-1625","page","type-page","status-publish","hentry"],"_links":{"self":[{"href":"https:\/\/laboratoria.red\/en\/wp-json\/wp\/v2\/pages\/1625","targetHints":{"allow":["GET"]}}],"collection":[{"href":"https:\/\/laboratoria.red\/en\/wp-json\/wp\/v2\/pages"}],"about":[{"href":"https:\/\/laboratoria.red\/en\/wp-json\/wp\/v2\/types\/page"}],"author":[{"embeddable":true,"href":"https:\/\/laboratoria.red\/en\/wp-json\/wp\/v2\/users\/1"}],"replies":[{"embeddable":true,"href":"https:\/\/laboratoria.red\/en\/wp-json\/wp\/v2\/comments?post=1625"}],"version-history":[{"count":5,"href":"https:\/\/laboratoria.red\/en\/wp-json\/wp\/v2\/pages\/1625\/revisions"}],"predecessor-version":[{"id":1872,"href":"https:\/\/laboratoria.red\/en\/wp-json\/wp\/v2\/pages\/1625\/revisions\/1872"}],"wp:attachment":[{"href":"https:\/\/laboratoria.red\/en\/wp-json\/wp\/v2\/media?parent=1625"}],"curies":[{"name":"wp","href":"https:\/\/api.w.org\/{rel}","templated":true}]}}