{"id":3179,"date":"2025-07-13T17:01:43","date_gmt":"2025-07-13T15:01:43","guid":{"rendered":"https:\/\/laboratoria.red\/?post_type=avada_portfolio&#038;p=3179"},"modified":"2025-07-14T08:21:01","modified_gmt":"2025-07-14T06:21:01","slug":"the-reinvention-of-the-strike-10-years-of-feminist-uprising-in-argentina","status":"publish","type":"avada_portfolio","link":"https:\/\/laboratoria.red\/en\/publicacion\/the-reinvention-of-the-strike-10-years-of-feminist-uprising-in-argentina\/","title":{"rendered":"The reinvention of the strike: 10 years of feminist uprising in Argentina"},"content":{"rendered":"<p>by Ver\u00f3nica Gago<\/p>\n<h4><a href=\"https:\/\/www.ojala.mx\/en\/ojala-en\/the-reinvention-of-the-strike-as-a-tool-10-years-of-feminist-uprising-in-argentina\">First published in Ojal\u00e1<\/a><\/h4>\n<p>&nbsp;<\/p>\n<h2><strong><span style=\"color: #ff1764;\">1.<\/span><\/strong><\/h2>\n<p class=\"\"><span class=\"sqsrte-text-color--darkAccent\">This year, the cycle of protests known as <em>Ni Una Menos<\/em> in Argentina will turn 10. The first march under that banner took place June 3, 2015. Then came the strikes and demonstrations: first the Women\u2019s Strike on October 19, 2016, then came the transnational and transfeminist mobilizations, which began on March 8, 2017.<\/span><\/p>\n<p class=\"\"><span class=\"sqsrte-text-color--darkAccent\">The green tide\u2014so named for the green handkerchiefs worn by activists\u2014demanding the legalization of abortion, is embedded in that sequence of events, from Poland to Argentina (2016\u20132020), as well as in Colombia and Mexico. It seems important to me to read this cycle of protests as a decade of <em>innovations<\/em> in <em>organizational<\/em> terms.<\/span><\/p>\n<p class=\"\"><span class=\"sqsrte-text-color--darkAccent\">On the one hand is the reinvention of the strike as a tool. This is something we debated a<em>s the actions were taking place<\/em>, which was no small feat. Strikes are a collective epistemic process\u2014in which the economically active population can understand and assume its capacity to<em> shut the world down<\/em>\u2014as well as a space for pedagogical and political strategy in deciding how to narrate and express what is taking place, and how we translate our actions into organizational power in everyday life.<\/span><\/p>\n<p class=\"\"><span class=\"sqsrte-text-color--darkAccent\">There is a history yet to be written of the <em>political programme<\/em> of transfeminist strikes, one that examines how these actions have debated and elaborated demands and understandings of domestic work, pensions, the <\/span><a href=\"https:\/\/styleguide.transjournalists.org\/#trans-translation\"><span class=\"sqsrte-text-color--darkAccent\"><em>travesti<\/em><\/span><\/a><span class=\"sqsrte-text-color--darkAccent\">-trans labor quota, public and household debt, housing and rent, migrant labor, comprehensive sexual education, reproductive justice, land ownership, the food model, social subsidies for single-parent households, anti-prison work, as well as organization in the context of social reproduction.<\/span><\/p>\n<p class=\"\"><span class=\"sqsrte-text-color--darkAccent\">This political programme is a <em>response<\/em> to systemic understandings around the interconnected violences of patriarchal and colonial capitalism.<\/span><\/p>\n<p class=\"\"><span class=\"sqsrte-text-color--darkAccent\">It is important to consider how knowledge is <em>accumulated<\/em> through struggle, applied collective intelligence and the elaboration of political programmes.\u00a0<\/span><\/p>\n<p class=\"\"><span class=\"sqsrte-text-color--darkAccent\">Doing so allows us to ask questions that can be useful to understand this cycle of protest. How can we establish political processes in each country and at the transnational level? What are the temporalities of the strike, and how can strikes be maintained over time? What is its temporal role, and how does it function as a space of transnational analysis?<\/span><\/p>\n<p><span style=\"font-weight: 400;\">Aqu\u00ed hay una historia que hacer de la <\/span><i><span style=\"font-weight: 400;\">program\u00e1tica<\/span><\/i><span style=\"font-weight: 400;\"> de las huelgas transfeministas, sobre el modo en que han discutido y elaborado demandas y conceptualizaciones sobre: trabajo dom\u00e9stico, pensiones, cupo laboral travesti-trans, deuda p\u00fablica y de los hogares, vivienda y alquileres, trabajo migrante, educaci\u00f3n sexual integral, justicia reproductiva, propiedad de la tierra, modelo alimentario, subsidios sociales a hogares monomarentales, antipunitivismo, sindicalismo de la reproducci\u00f3n social (sin agotar la lista).\u00a0<\/span><i><\/i><\/p>\n<p><span style=\"font-weight: 400;\">Esta program\u00e1tica es en <\/span><i><span style=\"font-weight: 400;\">respuesta<\/span><\/i> <i><span style=\"font-weight: 400;\">a<\/span><\/i><span style=\"font-weight: 400;\"> diagn\u00f3sticos sist\u00e9micos sobre la interconexi\u00f3n de las violencias del capitalismo colonial patriarcal.\u00a0<\/span><i><\/i><\/p>\n<p><span style=\"font-weight: 400;\">Es clave pensar en este <\/span><i><span style=\"font-weight: 400;\">acumulado<\/span><\/i><span style=\"font-weight: 400;\"> de trabajo pol\u00edtico, de elaboraci\u00f3n de inteligencia colectiva y de programa. Es desde aqu\u00ed que podemos tambi\u00e9n lanzar preguntas que nos pueden servir para el an\u00e1lisis del ciclo: \u00bfqu\u00e9 relaci\u00f3n se puede establecer con los procesos pol\u00edticos en cada pa\u00eds y a nivel transnacional?; \u00bfcu\u00e1les son las temporalidades de la huelga y sus maneras de producir estructuras de duraci\u00f3n en el tiempo?, \u00bfcu\u00e1l es su rol como calendario organizativo y como instancia de elaboraci\u00f3n coyuntural transnacional?<\/span><\/p>\n<p>&nbsp;<\/p>\n<h2><span style=\"color: #ff1764;\"><strong>2.<\/strong><\/span><i><\/i><\/h2>\n<p class=\"\">This cycle of struggle has been highly networked, it has cut <em>transversally<\/em> across issues, and it has been able to produce <em>multiple variations<\/em> and changes in how we organize.<\/p>\n<p class=\"\">I\u2019m thinking of the impact of feminist strikes and mobilizations on Indigenous and working-class strikes in Ecuador (2019 and 2022); on the national strike and uprising in Colombia (2019\u20132021) and on the sequence that runs from the feminist strike (2016\u20132020)\u00a0 to the social uprising in Chile (2019), to name the most obvious examples.<\/p>\n<p class=\"\">This interweaving, which exhibits a range of temporalities, implies a <em>deepening and organic connection with popular, anti-racist, anti-extractivist forms of protest<\/em>. To this, we can of course add the <em>conflicting but evident<\/em> influence of these same processes in the presidential elections in Argentina (2019), Chile (2021), Brazil (2022), and Colombia (2022).<\/p>\n<p class=\"\">I will attempt to summarize what we might call organizational innovations in the processes in which feminisms integrate, expand, and engage:<\/p>\n<ul data-rte-list=\"default\">\n<li>\n<p class=\"\">changes in spokespersonships, including feminist and queer leadership;<\/p>\n<\/li>\n<li>\n<p class=\"\">changes in how the tasks and infrastructure for the social reproduction of the struggles and in particular of the forms of occupation of the street are valued;<\/p>\n<\/li>\n<li>\n<p class=\"\">reconsiderations of systemic violence,\u00a0 understandings which feminisms have expanded by exploring the meanings of <em>war<\/em> against certain bodies and territories;<\/p>\n<\/li>\n<li>\n<p class=\"\">explicit refusal to allow movements [that are not explicitly feminist] led by women as well as transfeminist movements to remain siloed by their \u201cagendas\u201d or disconnected from increasingly broad mobilizations;<\/p>\n<\/li>\n<li>\n<p class=\"\">changes in collective understanding (active and\/or reactive) of gender-based violence as a structural expression of capitalist violence<\/p>\n<\/li>\n<\/ul>\n<p class=\"\">In re-reading movement statements, texts, and events of this past decade, I\u2019ve noticed the emergence of a new dynamic that is at once process-oriented and disruptive, and which seeks to constantly <em>expand<\/em> political alliances, processes of translation, and the resonances of organizational forms.<\/p>\n<h2><strong><span style=\"color: #ff1764;\">3.<\/span><\/strong><\/h2>\n<p class=\"\"><span class=\"sqsrte-text-color--darkAccent\">From the pandemic to the electoral victories of the far right, we can see a sequence of <em>counterrevolutionary<\/em> twists and turns, that also display innovations, experiments, and new kinds of risk taking.<\/span><\/p>\n<p class=\"\"><span class=\"sqsrte-text-color--darkAccent\">We have researched and worked to highlight three crucial aspects of the pandemic. First, key changes have taken place in the world of work, especially with jobs rightly deemed \u201cessential,\u201d a concept that claims visibility and legitimacy for work related to social reproduction (health, education, support in situations of gender violence, food, and care work), which is hyperexploited in times of global emergency.\u00a0<\/span><\/p>\n<p class=\"\"><span class=\"sqsrte-text-color--darkAccent\">Second, we saw an acceleration of financial-real estate extractivism that targets women, lesbians, travestis, trans people, non-binary people, migrant and racialized populations, and produces predatory speculation around housing, evictions, and debt. [In Argentina, <em>travesti<\/em> is not a slur, but a gender identity with deep political roots.]<\/span><\/p>\n<p class=\"\"><span class=\"sqsrte-text-color--darkAccent\">Third, we saw a reconfiguration of the articulation between the financialization of everyday life and platform economies, which seek to claim the homes, community social spaces, and the most precarious work (paid and unpaid) as sites for the extraction of resources and energy.\u00a0<\/span><\/p>\n<p class=\"\"><span class=\"sqsrte-text-color--darkAccent\">These changes are key to understanding the pandemic as setting a new <em>threshold<\/em> for economic and financial violence, one which is is intertwined with an intensification of gender-based violence, and which has not relented since.\u00a0<\/span><\/p>\n<p class=\"\"><span class=\"sqsrte-text-color--darkAccent\">The pandemic and its (still present) ramifications <em>amplifies the space of social reproduction <\/em>in an unprecedented way, revealing the infrastructure that sustains collective life, the territories and bodies involved, and the precariousness they endure. It also explores <em>the ways in which these spaces and practices became politicized in response to the neoliberal crisis from a transfeminist perspective<\/em>. As if in an X-ray, the threads of our weavings were laid bare.\u00a0<\/span><\/p>\n<p class=\"\"><span class=\"sqsrte-text-color--darkAccent\">Based on the uses of the category of \u201cessential work\u201d that became popular during the pandemic, we can map a paradoxical reclassification of the crisis of wage labor and a tendency toward the intensification of work that is less recognized as such, and which is increasingly moralized and\/or criminalized.\u00a0<\/span><\/p>\n<p class=\"\"><span class=\"sqsrte-text-color--darkAccent\">The crisis created by the pandemic intensified the division between property owners and non-property owners on a family level. Housing has become an intensified source of new debt and a key element in the new cycle of struggles.<\/span><\/p>\n<p class=\"\"><span class=\"sqsrte-text-color--darkAccent\">In Argentina, the figure of the \u201csingle-mother household\u201d has been popularized by feminists, as those who sustain families have organized to make their role visible, this was especially true after the pandemic. According to a 2020 report, 36 percent of Argentine households are supported by a single person, usually women, who have to solve daily problems of food, rent, utilities, health care, and schooling for children and adolescents. If we consider low-income households, this number <\/span><a href=\"https:\/\/www.cippec.org\/textual\/8m-la-autonomia-economica-de-las-mujeres-va-mas-alla-del-mercado-laboral\/\"><span class=\"sqsrte-text-color--darkAccent\">rises to<\/span><\/a><span class=\"sqsrte-text-color--darkAccent\"> 60 percent.<\/span><\/p>\n<p class=\"\"><span class=\"sqsrte-text-color--darkAccent\">In contrast to the ideal of the isolated professional male living in a studio apartment that is highly valued as a financial asset (according to current propaganda of successful, property-owning masculinity, which generally out of reach for younger people), the single-mother household appears as its <em>invisible double<\/em>: a feminized household, burdened with debt, and unable to outsource reproductive tasks to the market.<\/span><\/p>\n<p class=\"\"><span class=\"sqsrte-text-color--darkAccent\">When considering single-mother households in Argentina, it is worth noting a specific composition in terms of how care is organized, which can include female family members who are not in the household (like grandmothers inside and outside the country) who are part of an extended infrastructure of care. But there is also a community network structured by membership in social and political organizations. Alternative work and care infrastructures become evident, challenging a simplistic reading of a \u201cchange of leadership\u201d in family structure.\u00a0<\/span><\/p>\n<p class=\"\"><span class=\"sqsrte-text-color--darkAccent\">When male leadership is no longer present, there is not simply a sex-gender change that preserves the previous form. Rather, an alteration of the political order that sustained male leadership is produced. The idea of a \u201ccrisis of despotism in the factory\u201d was once used by critics of capitalism to explain why workers rejected discipline. We can now extend this to a crisis of despotism in families, which is partially resolved through single-motherhood and the construction of non-heteropatriarchal care networks.<\/span><\/p>\n<p class=\"\"><span class=\"sqsrte-text-color--darkAccent\">This change in the affective-labor-political structure of households has been accompanied and sustained by processes of financialization that modify the relationship between the home and financial technology (for example, through virtual wallets, micro investments, and a wide range of apps available on cellular phones).\u00a0\u00a0<\/span><\/p>\n<p class=\"\"><span class=\"sqsrte-text-color--darkAccent\">The financialization of everyday life, which became a way of navigating the crisis of reproduction in a pandemic, fuels a kind of <em>civil war<\/em> that unfolds in precarious territories alongside the rise and proletarianization of criminalized economies.\u00a0<\/span><\/p>\n<p class=\"\"><span class=\"sqsrte-text-color--darkAccent\">That brings us back to an organizational question. How can we rethink our strategies at a time when violence <em>is a counterrevolutionary response<\/em> to the politicization of social reproduction and to the destabilization of racist and patriarchal hierarchies?<\/span><\/p>\n<p><i><span style=\"font-weight: 400;\">\u00a0<\/span><\/i><\/p>\n<h2><strong><span style=\"color: #ff1764;\">4.<\/span><\/strong><\/h2>\n<p class=\"\"><span class=\"sqsrte-text-color--darkAccent\">Javier Milei won the elections in Argentina and took office in December 2023. Since then, the dynamics of state-led anti-feminism have been part of a brutal <em>counterrevolutionary<\/em> attack. Argentina, together with <\/span><a href=\"https:\/\/www.ojala.mx\/en\/ojala-en\/noboas-sweeping-victory-locks-in-militarization-in-ecuador\"><span class=\"sqsrte-text-color--darkAccent\">Ecuador<\/span><\/a><span class=\"sqsrte-text-color--darkAccent\"> and El Salvador, is part of a fascist-influenced radicalization that has accelerated in the wake of Trump&#8217;s victory.<\/span><\/p>\n<p class=\"\"><span class=\"sqsrte-text-color--darkAccent\">Milei\u2019s statements at the Davos forum in 2024 and 2025 are a clear sign of his alignment with the global far-right agenda, as well as of his desire to present himself as the leader of a country known worldwide for the mass character and the radicalism of its feminist movement. The first time Milei went to Davos, he spoke of feminist and environmental struggles as being radical forms of social justice, which he called \u201caberrant.\u201d In 2025, he asserted that there are only two genders and linked homosexuality with pedophilia. The response was a massive anti-fascist and anti-racist <\/span><a href=\"https:\/\/www.ojala.mx\/en\/ojala-en\/anti-fascist-and-anti-racist-pride-takes-the-streets-in-argentina\"><span class=\"sqsrte-text-color--darkAccent\">march on February 1,<\/span><\/a><span class=\"sqsrte-text-color--darkAccent\"> where, among many slogans, was: \u201cThere are only two genders: fascists and anti-fascists.\u201d<\/span><\/p>\n<p class=\"\"><span class=\"sqsrte-text-color--darkAccent\">By \u201cstate-led anti-feminism\u201d in the far-right government, I\u2019m referring to three elements.\u00a0<\/span><\/p>\n<p class=\"\"><span class=\"sqsrte-text-color--darkAccent\">First is a systematic and institutional attack on public policies aimed at raising awareness, preventing, and addressing gender-based violence and its ramifications, as well as economic assistance for victims.<\/span><\/p>\n<p class=\"\"><span class=\"sqsrte-text-color--darkAccent\">Second are personal attacks, including, in certain cases, the criminalization of leading figures in politics, journalism, art, and transfeminist organizations, especially those involved in the popular economy.<\/span><\/p>\n<p class=\"\"><span class=\"sqsrte-text-color--darkAccent\">And finally there is a government discourse attacks and spreads hate speech, in particular, through presidential communications. This has led to an increase in institutional and social violence (<\/span><a href=\"https:\/\/www.ojala.mx\/en\/ojala-en\/a-massacre-in-argentina-provokes-anger-fear-in-queer-community\"><span class=\"sqsrte-text-color--darkAccent\">attacks on queer people<\/span><\/a><span class=\"sqsrte-text-color--darkAccent\"> have multiplied).<\/span><\/p>\n<p class=\"\"><span class=\"sqsrte-text-color--darkAccent\">State-led anti-feminism goes beyond the president\u2019s opinions or the so-called \u201cculture wars.\u201d It is a type of attack that is organically linked to structural adjustment, in which the subjects of \u201csacrifice\u201d are women, lesbians, <em>travestis<\/em>, trans men and women, adolescents, children, and the elderly.\u00a0<\/span><\/p>\n<p class=\"\"><span class=\"sqsrte-text-color--darkAccent\">The economic orientation of anti-gender policies exposes state-led anti-feminism as a fundamental dynamic of the global accumulation model. It is a war declared and waged with public resources against subjects marked by gender, which is always intertwined with class and race, allowing authoritarian neoliberalism to <em>become more aggressive<\/em> under fascist modalities. In short, through state-led anti-feminism, an anarcho-libertarian government has intensified the authoritarian neoliberal project to the point of organizing it according to fascist logics of the annihilation of certain populations.\u00a0<\/span><\/p>\n<p class=\"\"><span class=\"sqsrte-text-color--darkAccent\">The war against gender is an expansive logic: migrants, racialized people, state welfare recipients, and homeless people are all marked for sacrifice. All of these people are classified as <em>degenerate, victims, or non-productive<\/em>.<\/span><\/p>\n<p class=\"\"><span class=\"sqsrte-text-color--darkAccent\">Today&#8217;s far right is an expression of an amalgam in which family, biological, and natalist values express the core beliefs of owners of tech companies, in which the hyper-innovation of platforms converge with traditionalist claims about gender roles.<\/span><\/p>\n<p class=\"\"><span class=\"sqsrte-text-color--darkAccent\">It\u2019s absurd that some parts of the left and progressives cannot read this moment as counterrevolutionary. They limit themselves to speaking of \u201cpreventative\u201d fascism (a fascism that contains the future impacts of current crisis), because they cannot see the revolution that is being responded to.<\/span><\/p>\n<p><i><span style=\"font-weight: 400;\">\u00a0<\/span><\/i><\/p>\n<h2><strong><span style=\"color: #ff1764;\">5.<\/span><\/strong><i><\/i><\/h2>\n<p class=\"\"><span class=\"sqsrte-text-color--darkAccent\">It is no longer enough to speak of a \u201c<\/span><a href=\"https:\/\/www.ojala.mx\/en\/ojala-en\/eight-proposals-to-deepen-feminist-struggle\"><span class=\"sqsrte-text-color--darkAccent\">crisis of social reproduction<\/span><\/a><span class=\"sqsrte-text-color--darkAccent\">\u201d in order to explain the dynamics of neoliberal capitalism. We\u2019ve witnessed a veritable <em>war<\/em> against social reproduction, of which the pandemic and the victories of the far right are both <em>cause<\/em> and <em>symptom. <\/em>These forms of war are <em>exacerbated<\/em> to produce what we might call, following Silvia Federici, the \u201cfascistization of social reproduction.\u201d <\/span><\/p>\n<p class=\"\"><span class=\"sqsrte-text-color--darkAccent\">In Argentina, the crisis-war-fascistization sequence can be read as a counterrevolutionary response to forms of politicization of social reproduction that emerged in response to the crisis of legitimacy of neoliberalism in the early 2000s, as well as with the massive growth of the transfeminist movement. <\/span><\/p>\n<p class=\"\"><span class=\"sqsrte-text-color--darkAccent\">We can speak of the fascistization of social reproduction in order to understand the simultaneous dynamic of impoverishment and exploitation of social reproduction, which leads to the emergence of modes of management using tools that accelerate <em>financial violence.<\/em><\/span><\/p>\n<p class=\"\"><span class=\"sqsrte-text-color--darkAccent\">Central to this is a war against populations that have woven alternative ways of addressing interdependence and set limits on violence in everyday life.<\/span><\/p>\n<p class=\"\"><span class=\"sqsrte-text-color--darkAccent\">In order to talk about the fascistization of social reproduction, we must consider how anti-feminism has become a driving force in the intensification of exploitation and the extraction of value. This is linked to post-pandemic tensions contained in terms like \u201c<em>freedom<\/em>\u201d and \u201c<em>care.<\/em>\u201d <\/span><\/p>\n<p class=\"\"><span class=\"sqsrte-text-color--darkAccent\">These contradictory dynamics have become entangled in the category of \u201cessential work,\u201d and are important to understanding the reconfigurations of labor struggles which have been raised by the feminist strike. <\/span><\/p>\n<p class=\"\"><span class=\"sqsrte-text-color--darkAccent\">New levels of financialization of everyday life, as households acquire record levels of debt to cope with inflation and precariousness, have <em>accelerated <\/em>what Milei&#8217;s government calls \u201cfinancial freedom\u201d for the dispossessed.<\/span><\/p>\n<p class=\"\"><span class=\"sqsrte-text-color--darkAccent\">The organizational questions we must ask ourselves today arise within a horrific scenario: genocidal, racist, and patriarchal capitalism that have sought to capitalize on the experiences of a decade-long cycle feminist, popular and anti-extractive protests, which themselves are connected to other sequences of uprisings. <\/span><\/p>\n<p class=\"\"><span class=\"sqsrte-text-color--darkAccent\">Asking these questions implies confronting the ways that transfeminist struggles have been blamed [for the current crisis], especially in their popular, anti-extractivist, and street-level expressions. It requires we understand how these struggles have been marginalized in geopolitical analyses which dismiss these movements and render them insignificant. It is up to us to rebuild our political programme and our organizing from a place of dignity with the radical presistance of life at its core.<\/span><\/p>\n<p class=\"\"><span class=\"sqsrte-text-color--darkAccent\">It is up to us to continue weaving a concrete, antiracist antifascism that is proud of transfeminist struggles and that embraces their power, while also being aware of the limitations and failures which we carry on our shoulders.<\/span><\/p>\n<p>&nbsp;<\/p>\n<p>&nbsp;<\/p>\n<p>&nbsp;<\/p>\n","protected":false},"excerpt":{"rendered":"<p>by Ver\u00f3nica Gago First published in Ojal\u00e1 &nbsp; 1. This [&hellip;]<\/p>\n","protected":false},"author":5,"featured_media":3151,"menu_order":0,"comment_status":"open","ping_status":"closed","template":"","format":"standard","meta":{"footnotes":""},"portfolio_category":[41,49],"portfolio_skills":[],"portfolio_tags":[],"class_list":["post-3179","avada_portfolio","type-avada_portfolio","status-publish","format-standard","has-post-thumbnail","hentry","portfolio_category-feminist-syndicalism-and-precarity","portfolio_category-notes"],"_links":{"self":[{"href":"https:\/\/laboratoria.red\/en\/wp-json\/wp\/v2\/avada_portfolio\/3179","targetHints":{"allow":["GET"]}}],"collection":[{"href":"https:\/\/laboratoria.red\/en\/wp-json\/wp\/v2\/avada_portfolio"}],"about":[{"href":"https:\/\/laboratoria.red\/en\/wp-json\/wp\/v2\/types\/avada_portfolio"}],"author":[{"embeddable":true,"href":"https:\/\/laboratoria.red\/en\/wp-json\/wp\/v2\/users\/5"}],"replies":[{"embeddable":true,"href":"https:\/\/laboratoria.red\/en\/wp-json\/wp\/v2\/comments?post=3179"}],"version-history":[{"count":1,"href":"https:\/\/laboratoria.red\/en\/wp-json\/wp\/v2\/avada_portfolio\/3179\/revisions"}],"predecessor-version":[{"id":3180,"href":"https:\/\/laboratoria.red\/en\/wp-json\/wp\/v2\/avada_portfolio\/3179\/revisions\/3180"}],"wp:featuredmedia":[{"embeddable":true,"href":"https:\/\/laboratoria.red\/en\/wp-json\/wp\/v2\/media\/3151"}],"wp:attachment":[{"href":"https:\/\/laboratoria.red\/en\/wp-json\/wp\/v2\/media?parent=3179"}],"wp:term":[{"taxonomy":"portfolio_category","embeddable":true,"href":"https:\/\/laboratoria.red\/en\/wp-json\/wp\/v2\/portfolio_category?post=3179"},{"taxonomy":"portfolio_skills","embeddable":true,"href":"https:\/\/laboratoria.red\/en\/wp-json\/wp\/v2\/portfolio_skills?post=3179"},{"taxonomy":"portfolio_tags","embeddable":true,"href":"https:\/\/laboratoria.red\/en\/wp-json\/wp\/v2\/portfolio_tags?post=3179"}],"curies":[{"name":"wp","href":"https:\/\/api.w.org\/{rel}","templated":true}]}}