{"id":1501,"date":"2022-01-26T15:17:37","date_gmt":"2022-01-26T14:17:37","guid":{"rendered":"https:\/\/tallertraficantes.net\/laboratoria\/?page_id=1501"},"modified":"2022-06-20T13:05:16","modified_gmt":"2022-06-20T11:05:16","slug":"1501-2","status":"publish","type":"page","link":"http:\/\/laboratoria.red\/pt-br\/","title":{"rendered":""},"content":{"rendered":"<p><div class=\"fusion-fullwidth fullwidth-box fusion-builder-row-1 hundred-percent-fullwidth non-hundred-percent-height-scrolling fusion-equal-height-columns\" style=\"--awb-border-radius-top-left:0px;--awb-border-radius-top-right:0px;--awb-border-radius-bottom-right:0px;--awb-border-radius-bottom-left:0px;--awb-padding-top:0px;--awb-padding-right:0px;--awb-padding-bottom:0px;--awb-padding-left:0px;--awb-margin-top:0px;--awb-margin-bottom:0px;--awb-flex-wrap:wrap;\" ><div class=\"fusion-builder-row fusion-row\"><div class=\"fusion-layout-column fusion_builder_column fusion-builder-column-0 fusion_builder_column_1_2 1_2 fusion-one-half fusion-column-first\" style=\"--awb-padding-top:0px;--awb-padding-right:0px;--awb-padding-bottom:0px;--awb-padding-left:0px;--awb-bg-color:#000000;--awb-bg-color-hover:#000000;--awb-bg-size:cover;--awb-border-color:#000000;--awb-border-style:solid;--awb-margin-top:5px;--awb-margin-bottom:0px;width:50%;width:calc(50% - ( ( 5px ) * 0.5 ) );margin-right: 5px;\"><div class=\"fusion-column-wrapper fusion-column-has-shadow fusion-flex-column-wrapper-legacy\"><div class=\"fusion-column-content-centered\"><div class=\"fusion-column-content\">\t\t\t\t\t<div class=\"fusion-slider-container fusion-slider-sc-ejes-trabajo fusion-slider-55\" style=\"height:420px; max-width:100%;\" data-id=\"55\" data-full_height=\"\" id=\"slider_ejes\">\n\t\t\t\t\t\t<style type=\"text\/css\">.fusion-slider-55 .flex-direction-nav a {width:50px;height:50px;line-height:50px;font-size:20px;}.fusion-slider-55 .flex-control-paging li a {background:rgba(255, 255, 255, 0.6);}.fusion-slider-55 .flex-control-paging li a.flex-active {background:rgba(255, 255, 255, 1);}<\/style>\t\t\t\t\t\t<div class=\"fusion-slider-loading\">Loading...<\/div>\n\t\t\t\t\t\t<div class=\"tfs-slider flexslider main-flex\" data-slider_width=\"100%\" data-slider_height=\"420px\" data-full_screen=\"1\" data-slider_indicator=\"pagination_circles\" data-slider_indicator_color=\"#ffffff\" data-parallax=\"0\" data-nav_arrows=\"1\" data-nav_box_width=\"50px\" data-nav_box_height=\"50px\" data-nav_arrow_size=\"20px\" data-autoplay=\"1\" data-loop=\"1\" data-orderby=\"date\" data-order=\"ASC\" data-animation=\"slide\" data-slideshow_speed=\"7000\" data-animation_speed=\"600\" data-typo_sensitivity=\"6\" data-typo_factor=\"1.5\" style=\"max-width:100%;\">\n\t\t\t\t\t\t\t<ul class=\"slides\">\n\t\t\t\t\t\t\t\t\t\t\t\t\t\t\t\t\t<li data-mute=\"yes\" data-loop=\"yes\" data-autoplay=\"yes\">\n\t\t\t\t\t\t\t\t\t\t<div class=\"slide-content-container slide-content-center\" style=\"display: none;\">\n\t\t\t\t\t\t\t\t\t\t\t<div class=\"slide-content\" style=\"\">\n\t\t\t\t\t\t\t\t\t\t\t\t\t\t\t\t\t\t\t\t\t\t\t\t\t<div class=\"heading with-bg\">\n\t\t\t\t\t\t\t\t\t\t\t\t\t\t<div class=\"fusion-title-sc-wrapper\" style=\"background-color:rgba(233,30,99,0.4)\">\n\t\t\t\t\t\t\t\t\t\t\t\t\t\t\t<div class=\"fusion-title title fusion-title-1 fusion-sep-none fusion-title-center fusion-title-text fusion-title-size-one\" style=\"--awb-text-color:#ffffff;--awb-margin-bottom:0px;--awb-sep-color:#ffffff;--awb-font-size:42px;\"><h1 class=\"fusion-title-heading title-heading-center fusion-responsive-typography-calculated\" style=\"margin:0;font-size:1em;--fontSize:42;line-height:1.2;\">Feminismos e migra\u00e7\u00f5es<\/h1><\/div>\t\t\t\t\t\t\t\t\t\t\t\t\t\t<\/div>\n\t\t\t\t\t\t\t\t\t\t\t\t\t<\/div>\n\t\t\t\t\t\t\t\t\t\t\t\t\t\t\t\t\t\t\t\t\t\t\t\t\t\t\t\t\t\t\t\t\t\t\t\t\t\t\t\t\t\t\t\t\t\t\t<\/div>\n\t\t\t\t\t\t\t\t\t\t<\/div>\n\t\t\t\t\t\t\t\t\t\t\t\t\t\t\t\t\t\t\t\t\t<a href=\"https:\/\/tallertraficantes.net\/laboratoria\/pt-pt\/eje\/feminismos-e-migracoes\" class=\"overlay-link\" target=\"_blank\" rel=\"noopener noreferrer\"><\/a>\n\t\t\t\t\t\t\t\t\t\t\t\t\t\t\t\t\t\t\t\t\t\t\t\t\t\t\t\t\t\t\t\t\t\t\t\t\t\t\t\t<div class=\"background background-image\" style=\"background-image: url(http:\/\/laboratoria.red\/wp-content\/uploads\/2020\/06\/Catherin20Padilla.jpg);max-width:100%;height:420px;filter: progid:DXImageTransform.Microsoft.AlphaImageLoader(src='http:\/\/laboratoria.red\/wp-content\/uploads\/2020\/06\/Catherin20Padilla.jpg', sizingMethod='scale');\" data-imgwidth=\"1600\">\n\t\t\t\t\t\t\t\t\t\t\t\t\t\t\t\t\t\t\t\t\t\t\t\t\t\t\t\t\t\t\t\t\t\t\t\t\t\t\t\t\t\t\t\t\t\t\t\t\t\t\t\t\t\t\t\t\t\t\t\t\t\t\t\t\t\t<\/div>\n\t\t\t\t\t\t\t\t\t<\/li>\n\t\t\t\t\t\t\t\t\t\t\t\t\t\t\t\t\t<li data-mute=\"yes\" data-loop=\"yes\" data-autoplay=\"yes\">\n\t\t\t\t\t\t\t\t\t\t<div class=\"slide-content-container slide-content-center\" style=\"display: none;\">\n\t\t\t\t\t\t\t\t\t\t\t<div class=\"slide-content\" style=\"\">\n\t\t\t\t\t\t\t\t\t\t\t\t\t\t\t\t\t\t\t\t\t\t\t\t\t<div class=\"heading with-bg\">\n\t\t\t\t\t\t\t\t\t\t\t\t\t\t<div class=\"fusion-title-sc-wrapper\" style=\"background-color:rgba(233,30,99,0.4)\">\n\t\t\t\t\t\t\t\t\t\t\t\t\t\t\t<div class=\"fusion-title title fusion-title-2 fusion-sep-none fusion-title-center fusion-title-text fusion-title-size-one\" style=\"--awb-text-color:#ffffff;--awb-margin-bottom:0px;--awb-sep-color:#ffffff;--awb-font-size:42px;\"><h1 class=\"fusion-title-heading title-heading-center fusion-responsive-typography-calculated\" style=\"margin:0;font-size:1em;--fontSize:42;line-height:1.2;\">Sindicalismo feminista e precariedade<\/h1><\/div>\t\t\t\t\t\t\t\t\t\t\t\t\t\t<\/div>\n\t\t\t\t\t\t\t\t\t\t\t\t\t<\/div>\n\t\t\t\t\t\t\t\t\t\t\t\t\t\t\t\t\t\t\t\t\t\t\t\t\t\t\t\t\t\t\t\t\t\t\t\t\t\t\t\t\t\t\t\t\t\t\t<\/div>\n\t\t\t\t\t\t\t\t\t\t<\/div>\n\t\t\t\t\t\t\t\t\t\t\t\t\t\t\t\t\t\t\t\t\t<a href=\"https:\/\/tallertraficantes.net\/laboratoria\/pt-pt\/eje\/sindicalismo-feminista-e-precariedade\" class=\"overlay-link\" target=\"_blank\" rel=\"noopener noreferrer\"><\/a>\n\t\t\t\t\t\t\t\t\t\t\t\t\t\t\t\t\t\t\t\t\t\t\t\t\t\t\t\t\t\t\t\t\t\t\t\t\t\t\t\t<div class=\"background background-image\" style=\"background-image: url(http:\/\/laboratoria.red\/wp-content\/uploads\/2022\/02\/sindicalismo_fotoElvira-Meg\u00edas.jpg);max-width:100%;height:420px;filter: progid:DXImageTransform.Microsoft.AlphaImageLoader(src='http:\/\/laboratoria.red\/wp-content\/uploads\/2022\/02\/sindicalismo_fotoElvira-Meg\u00edas.jpg', sizingMethod='scale');\" data-imgwidth=\"1685\">\n\t\t\t\t\t\t\t\t\t\t\t\t\t\t\t\t\t\t\t\t\t\t\t\t\t\t\t\t\t\t\t\t\t\t\t\t\t\t\t\t\t\t\t\t\t\t\t\t\t\t\t\t\t\t\t\t\t\t\t\t\t\t\t\t\t\t<\/div>\n\t\t\t\t\t\t\t\t\t<\/li>\n\t\t\t\t\t\t\t\t\t\t\t\t\t\t\t\t\t<li data-mute=\"yes\" data-loop=\"yes\" data-autoplay=\"yes\">\n\t\t\t\t\t\t\t\t\t\t<div class=\"slide-content-container slide-content-center\" style=\"display: none;\">\n\t\t\t\t\t\t\t\t\t\t\t<div class=\"slide-content\" style=\"\">\n\t\t\t\t\t\t\t\t\t\t\t\t\t\t\t\t\t\t\t\t\t\t\t\t\t<div class=\"heading with-bg\">\n\t\t\t\t\t\t\t\t\t\t\t\t\t\t<div class=\"fusion-title-sc-wrapper\" style=\"background-color:rgba(233,30,99,0.4)\">\n\t\t\t\t\t\t\t\t\t\t\t\t\t\t\t<div class=\"fusion-title title fusion-title-3 fusion-sep-none fusion-title-center fusion-title-text fusion-title-size-one\" style=\"--awb-text-color:#ffffff;--awb-margin-bottom:0px;--awb-sep-color:#ffffff;--awb-font-size:42px;\"><h1 class=\"fusion-title-heading title-heading-center fusion-responsive-typography-calculated\" style=\"margin:0;font-size:1em;--fontSize:42;line-height:1.2;\">Viol\u00eancia e justi\u00e7a feminista<\/h1><\/div>\t\t\t\t\t\t\t\t\t\t\t\t\t\t<\/div>\n\t\t\t\t\t\t\t\t\t\t\t\t\t<\/div>\n\t\t\t\t\t\t\t\t\t\t\t\t\t\t\t\t\t\t\t\t\t\t\t\t\t\t\t\t\t\t\t\t\t\t\t\t\t\t\t\t\t\t\t\t\t\t\t<\/div>\n\t\t\t\t\t\t\t\t\t\t<\/div>\n\t\t\t\t\t\t\t\t\t\t\t\t\t\t\t\t\t\t\t\t\t<a href=\"https:\/\/tallertraficantes.net\/laboratoria\/pt-pt\/eje\/violencia-e-justica-feminista\" class=\"overlay-link\" target=\"_blank\" rel=\"noopener noreferrer\"><\/a>\n\t\t\t\t\t\t\t\t\t\t\t\t\t\t\t\t\t\t\t\t\t\t\t\t\t\t\t\t\t\t\t\t\t\t\t\t\t\t\t\t<div class=\"background background-image\" style=\"background-image: url(http:\/\/laboratoria.red\/wp-content\/uploads\/2022\/02\/Violencia.jpg);max-width:100%;height:420px;filter: progid:DXImageTransform.Microsoft.AlphaImageLoader(src='http:\/\/laboratoria.red\/wp-content\/uploads\/2022\/02\/Violencia.jpg', sizingMethod='scale');\" data-imgwidth=\"1200\">\n\t\t\t\t\t\t\t\t\t\t\t\t\t\t\t\t\t\t\t\t\t\t\t\t\t\t\t\t\t\t\t\t\t\t\t\t\t\t\t\t\t\t\t\t\t\t\t\t\t\t\t\t\t\t\t\t\t\t\t\t\t\t\t\t\t\t<\/div>\n\t\t\t\t\t\t\t\t\t<\/li>\n\t\t\t\t\t\t\t\t\t\t\t\t\t\t\t\t\t\t\t\t\t\t\t<\/ul>\n\t\t\t\t\t\t<\/div>\n\t\t\t\t\t<\/div>\n\t\t\t\t\t\t\t\t<\/div><\/div><div class=\"fusion-clearfix\"><\/div><\/div><\/div><div class=\"fusion-layout-column fusion_builder_column fusion-builder-column-1 fusion_builder_column_1_2 1_2 fusion-one-half fusion-column-last\" style=\"--awb-padding-top:5%;--awb-padding-right:4%;--awb-padding-bottom:2%;--awb-padding-left:5%;--awb-bg-color:#000000;--awb-bg-color-hover:#000000;--awb-bg-size:cover;--awb-margin-top:5px;--awb-margin-bottom:0px;width:50%;width:calc(50% - ( ( 5px ) * 0.5 ) );\" id=\"texto_inicio\"><div class=\"fusion-column-wrapper fusion-column-has-shadow fusion-flex-column-wrapper-legacy\"><div class=\"fusion-column-content-centered\"><div class=\"fusion-column-content\"><div class=\"fusion-text fusion-text-1\"><h5><span style=\"color: #ffffff;\">Confiamos na for\u00e7a dos feminismos que, a partir de pr\u00e1ticas, linguagens e problemas t\u00e3o diversos, est\u00e3o transformando tudo. Temos um percurso de formas de milit\u00e2ncia e investiga\u00e7\u00e3o que colocamos em jogo, com as quais nos submergimos \u00e0 mar\u00e9. Sentimos a necessidade de abrir espa\u00e7o entre n\u00f3s, tempo livre entre aliadas e aliaes, fabricarmos uma estrutura de cumplicidade: enfim, produzir nossos pr\u00f3prios recursos para continuar nos encontrando. Queremos perseverar nesses tra\u00e7os de cita\u00e7\u00f5es que nos conectam de um lado ao outro, nos mantendo atualizadas e atentas ao que est\u00e1 acontecendo aqui e ali, inventando novas formas de transnacionalismo e sustentando nossas lutas di\u00e1rias.<\/span><\/h5>\n<h5><span style=\"color: #ffffff;\">Por isso, nos colocamos uma tarefa: nutrir espa\u00e7os de investiga\u00e7\u00e3o que sirvam de encontro, que ampliem e tornem mais certeiras nossas for\u00e7as. Que comp\u00f5em geografias, gera\u00e7\u00f5es, linguagens e experi\u00eancias, como quem aporta mat\u00e9ria viva para um composto: o dos feminismos ligados por correntes, fertilizando terras e terroirs, sedimentando.<\/span><\/h5>\n<\/div><\/div><\/div><div class=\"fusion-clearfix\"><\/div><\/div><\/div><\/div><\/div><div class=\"fusion-fullwidth fullwidth-box fusion-builder-row-2 hundred-percent-fullwidth non-hundred-percent-height-scrolling fusion-equal-height-columns\" style=\"--awb-border-radius-top-left:0px;--awb-border-radius-top-right:0px;--awb-border-radius-bottom-right:0px;--awb-border-radius-bottom-left:0px;--awb-padding-top:0px;--awb-padding-right:0px;--awb-padding-bottom:0px;--awb-padding-left:0px;--awb-margin-top:0px;--awb-margin-bottom:0px;--awb-flex-wrap:wrap;\" ><div class=\"fusion-builder-row fusion-row\"><div class=\"fusion-layout-column fusion_builder_column fusion-builder-column-2 fusion_builder_column_1_2 1_2 fusion-one-half fusion-column-first\" style=\"--awb-padding-top:5%;--awb-padding-right:4%;--awb-padding-bottom:2%;--awb-padding-left:5%;--awb-bg-color:rgba(255,255,255,0.58);--awb-bg-color-hover:rgba(255,255,255,0.58);--awb-bg-size:cover;--awb-margin-top:5px;--awb-margin-bottom:0px;width:50%;width:calc(50% - ( ( 5px ) * 0.5 ) );margin-right: 5px;\"><div class=\"fusion-column-wrapper fusion-column-has-shadow fusion-flex-column-wrapper-legacy\"><div class=\"fusion-title title fusion-title-4 sep-underline sep-solid fusion-title-center fusion-title-text fusion-title-size-two\" style=\"--awb-text-color:#000000;--awb-margin-top-small:4%;--awb-sep-color:#000000;\"><h2 class=\"fusion-title-heading title-heading-center fusion-responsive-typography-calculated\" style=\"margin:0;--fontSize:24;line-height:1.5;\">PUBLICA\u00c7\u00d5ES<\/h2><\/div><div class=\"fusion-text fusion-text-2\"><p>Juntamos aqui publica\u00e7\u00f5es de pessoas ligadas \u00e0 La Laboratoria, bem como livros, cadernos de an\u00e1lise e podcasts gerados a partir das pesquisas produzidas pela La Laboratoria. Queremos que esses materiais prolonguem a conversa transnacional entre ativistas feministas de diferentes lugares.<\/p>\n<\/div><div class=\"fusion-recent-works fusion-portfolio-element fusion-portfolio fusion-portfolio-1 fusion-portfolio-grid fusion-portfolio-paging-none fusion-portfolio-two fusion-portfolio-no_text fusion-portfolio-rollover\" data-id=\"-rw-1\" data-columns=\"two\" id=\"inicio_publicaciones\"><style type=\"text\/css\">.fusion-portfolio-1 .fusion-portfolio-wrapper .fusion-col-spacing{padding:2.5px;}<\/style><div class=\"fusion-portfolio-wrapper\" id=\"fusion-portfolio-1\" data-picturesize=\"auto\" data-pages=\"1\" style=\"margin:-2.5px;\"><article id=\"portfolio-1-post-1762\" class=\"fusion-portfolio-post publicacoes violencia-e-justica-feminista fusion-col-spacing post-1762\"><div class=\"fusion-portfolio-content-wrapper\" style=\"border:none;\"><span class=\"entry-title rich-snippet-hidden\">Feminismos criminol\u00f3gicos<\/span><span class=\"vcard rich-snippet-hidden\"><span class=\"fn\"><a href=\"http:\/\/laboratoria.red\/pt-br\/author\/taller\/\" title=\"Posts de taller\" rel=\"author\">taller<\/a><\/span><\/span><span class=\"updated rich-snippet-hidden\">2022-03-16T23:27:18+01:00<\/span><div  class=\"fusion-image-wrapper\" aria-haspopup=\"true\">\n\t\t\t\t<img decoding=\"async\" width=\"1960\" height=\"2787\" src=\"http:\/\/laboratoria.red\/wp-content\/uploads\/2022\/03\/Feminismo-criminolo\u0301gico.png\" class=\"attachment-full size-full wp-post-image\" alt=\"\" srcset=\"http:\/\/laboratoria.red\/wp-content\/uploads\/2022\/03\/Feminismo-criminolo\u0301gico-200x284.png 200w, http:\/\/laboratoria.red\/wp-content\/uploads\/2022\/03\/Feminismo-criminolo\u0301gico-400x569.png 400w, http:\/\/laboratoria.red\/wp-content\/uploads\/2022\/03\/Feminismo-criminolo\u0301gico-600x853.png 600w, http:\/\/laboratoria.red\/wp-content\/uploads\/2022\/03\/Feminismo-criminolo\u0301gico-800x1138.png 800w, http:\/\/laboratoria.red\/wp-content\/uploads\/2022\/03\/Feminismo-criminolo\u0301gico-1200x1706.png 1200w, http:\/\/laboratoria.red\/wp-content\/uploads\/2022\/03\/Feminismo-criminolo\u0301gico.png 1960w\" sizes=\"(min-width: 2200px) 100vw, (min-width: 712px) 698px, (min-width: 640px) 712px, \" \/><div class=\"fusion-rollover\">\n\t<div class=\"fusion-rollover-content\">\n\n\t\t\t\t\t\t\t\t\t\t\t\t\t\t<a class=\"fusion-rollover-link\" href=\"http:\/\/laboratoria.red\/pt-br\/publicacion\/feminismos-criminologicos\/\">Feminismos criminol\u00f3gicos<\/a>\n\t\t\t\n\t\t\t\t\t\t\t\t\n\t\t\n\t\t\t\t\t\t\t\t\t\t\t\t<h4 class=\"fusion-rollover-title\">\n\t\t\t\t\t<a class=\"fusion-rollover-title-link\" href=\"http:\/\/laboratoria.red\/pt-br\/publicacion\/feminismos-criminologicos\/\">\n\t\t\t\t\t\tFeminismos criminol\u00f3gicos\t\t\t\t\t<\/a>\n\t\t\t\t<\/h4>\n\t\t\t\n\t\t\t\t\t\t\t\t\n\t\t\n\t\t\t\t\t\t<a class=\"fusion-link-wrapper\" href=\"http:\/\/laboratoria.red\/pt-br\/publicacion\/feminismos-criminologicos\/\" aria-label=\"Feminismos criminol\u00f3gicos\"><\/a>\n\t<\/div>\n<\/div>\n<\/div>\n<\/div><\/article><\/div><\/div><div class=\"fusion-clearfix\"><\/div><\/div><\/div><div class=\"fusion-layout-column fusion_builder_column fusion-builder-column-3 fusion_builder_column_1_2 1_2 fusion-one-half fusion-column-last\" style=\"--awb-padding-top:4%;--awb-padding-right:5%;--awb-padding-bottom:2%;--awb-padding-left:5%;--awb-bg-color:#f389ad;--awb-bg-color-hover:#f389ad;--awb-bg-size:cover;--awb-margin-top:5px;--awb-margin-bottom:0px;width:50%;width:calc(50% - ( ( 5px ) * 0.5 ) );\"><div class=\"fusion-column-wrapper fusion-column-has-shadow fusion-flex-column-wrapper-legacy\"><div class=\"fusion-title title fusion-title-5 sep-underline sep-solid fusion-title-center fusion-title-text fusion-title-size-two\" style=\"--awb-text-color:#ffffff;--awb-margin-top-small:4%;--awb-sep-color:#ffffff;\"><h2 class=\"fusion-title-heading title-heading-center fusion-responsive-typography-calculated\" style=\"margin:0;--fontSize:24;line-height:1.5;\">NOTAS<\/h2><\/div><style type=\"text\/css\">.fusion-portfolio-wrapper#fusion-portfolio-2 .fusion-portfolio-content{  text-align: center; }<\/style><div class=\"fusion-recent-works fusion-portfolio-element fusion-portfolio fusion-portfolio-2 fusion-portfolio-grid fusion-portfolio-paging-none fusion-portfolio-two fusion-portfolio-unboxed fusion-portfolio-text fusion-portfolio-equal-heights fusion-portfolio-rollover\" data-id=\"-rw-2\" data-columns=\"two\" id=\"noticias\"><style type=\"text\/css\">.fusion-portfolio-2 .fusion-portfolio-wrapper .fusion-col-spacing{padding:10px;}<\/style><div class=\"fusion-portfolio-wrapper\" id=\"fusion-portfolio-2\" data-picturesize=\"fixed\" data-pages=\"1\" style=\"margin:-10px;\"><article id=\"portfolio-2-post-2900\" class=\"fusion-portfolio-post cuidado-comunidade-e-comun notas-pt-pt fusion-col-spacing post-2900\"><div class=\"fusion-portfolio-content-wrapper\" style=\"border:none;\"><span class=\"vcard rich-snippet-hidden\"><span class=\"fn\"><a href=\"http:\/\/laboratoria.red\/pt-br\/author\/bea\/\" title=\"Posts de La Laboratoria\" rel=\"author\">La Laboratoria<\/a><\/span><\/span><span class=\"updated rich-snippet-hidden\">2024-07-01T15:41:58+02:00<\/span><div  class=\"fusion-image-wrapper fusion-image-size-fixed\" aria-haspopup=\"true\">\n\t\t\t\t<img decoding=\"async\" width=\"460\" height=\"295\" src=\"http:\/\/laboratoria.red\/wp-content\/uploads\/2024\/06\/Mulheridades-de-Abya-Yala-460x295.png\" class=\"attachment-portfolio-two size-portfolio-two wp-post-image\" alt=\"\" \/><div class=\"fusion-rollover\">\n\t<div class=\"fusion-rollover-content\">\n\n\t\t\t\t\t\t\t\t\t\t\t\t\t\t<a class=\"fusion-rollover-link\" href=\"http:\/\/laboratoria.red\/pt-br\/publicacion\/escola-feminista-abya-yala-jornal-mulheridades-de-abya-yala\/\">Escola Feminista Abya Yala: Jornal Mulheridades de Abya Yala<\/a>\n\t\t\t\n\t\t\t\t\t\t\t\t\n\t\t\n\t\t\t\t\t\t\t\t\t\t\t\t<h4 class=\"fusion-rollover-title\">\n\t\t\t\t\t<a class=\"fusion-rollover-title-link\" href=\"http:\/\/laboratoria.red\/pt-br\/publicacion\/escola-feminista-abya-yala-jornal-mulheridades-de-abya-yala\/\">\n\t\t\t\t\t\tEscola Feminista Abya Yala: Jornal Mulheridades de Abya Yala\t\t\t\t\t<\/a>\n\t\t\t\t<\/h4>\n\t\t\t\n\t\t\t\t\t\t\t\t\n\t\t\n\t\t\t\t\t\t<a class=\"fusion-link-wrapper\" href=\"http:\/\/laboratoria.red\/pt-br\/publicacion\/escola-feminista-abya-yala-jornal-mulheridades-de-abya-yala\/\" aria-label=\"Escola Feminista Abya Yala: Jornal Mulheridades de Abya Yala\"><\/a>\n\t<\/div>\n<\/div>\n<\/div>\n<div class=\"fusion-portfolio-content\"><h2 class=\"entry-title fusion-post-title\"><a href=\"http:\/\/laboratoria.red\/pt-br\/publicacion\/escola-feminista-abya-yala-jornal-mulheridades-de-abya-yala\/\">Escola Feminista Abya Yala: Jornal Mulheridades de Abya Yala<\/a><\/h2><div class=\"fusion-post-content\"><\/div><\/div><\/div><\/article><article id=\"portfolio-2-post-1857\" class=\"fusion-portfolio-post notas-pt-pt sindicalismo-feminista-e-precariedade fusion-col-spacing post-1857\"><div class=\"fusion-portfolio-content-wrapper\" style=\"border:none;\"><span class=\"vcard rich-snippet-hidden\"><span class=\"fn\"><a href=\"http:\/\/laboratoria.red\/pt-br\/author\/bea\/\" title=\"Posts de La Laboratoria\" rel=\"author\">La Laboratoria<\/a><\/span><\/span><span class=\"updated rich-snippet-hidden\">2022-05-10T09:37:52+02:00<\/span><div  class=\"fusion-image-wrapper fusion-image-size-fixed\" aria-haspopup=\"true\">\n\t\t\t\t<img decoding=\"async\" width=\"460\" height=\"295\" src=\"http:\/\/laboratoria.red\/wp-content\/uploads\/2022\/05\/hacia-una-inter-sindical-feminista-460x295.png\" class=\"attachment-portfolio-two size-portfolio-two wp-post-image\" alt=\"\" \/><div class=\"fusion-rollover\">\n\t<div class=\"fusion-rollover-content\">\n\n\t\t\t\t\t\t\t\t\t\t\t\t\t\t<a class=\"fusion-rollover-link\" href=\"http:\/\/laboratoria.red\/pt-br\/publicacion\/rumo-a-uma-inter-sindical-feminista-carta-a-nossas-amigas-aliadas-interlocutoras\/\">Rumo a uma inter-sindical feminista. Carta a nossas amigas, aliadas, interlocutoras<\/a>\n\t\t\t\n\t\t\t\t\t\t\t\t\n\t\t\n\t\t\t\t\t\t\t\t\t\t\t\t<h4 class=\"fusion-rollover-title\">\n\t\t\t\t\t<a class=\"fusion-rollover-title-link\" href=\"http:\/\/laboratoria.red\/pt-br\/publicacion\/rumo-a-uma-inter-sindical-feminista-carta-a-nossas-amigas-aliadas-interlocutoras\/\">\n\t\t\t\t\t\tRumo a uma inter-sindical feminista. Carta a nossas amigas, aliadas, interlocutoras\t\t\t\t\t<\/a>\n\t\t\t\t<\/h4>\n\t\t\t\n\t\t\t\t\t\t\t\t\n\t\t\n\t\t\t\t\t\t<a class=\"fusion-link-wrapper\" href=\"http:\/\/laboratoria.red\/pt-br\/publicacion\/rumo-a-uma-inter-sindical-feminista-carta-a-nossas-amigas-aliadas-interlocutoras\/\" aria-label=\"Rumo a uma inter-sindical feminista. Carta a nossas amigas, aliadas, interlocutoras\"><\/a>\n\t<\/div>\n<\/div>\n<\/div>\n<div class=\"fusion-portfolio-content\"><h2 class=\"entry-title fusion-post-title\"><a href=\"http:\/\/laboratoria.red\/pt-br\/publicacion\/rumo-a-uma-inter-sindical-feminista-carta-a-nossas-amigas-aliadas-interlocutoras\/\">Rumo a uma inter-sindical feminista. Carta a nossas amigas, aliadas, interlocutoras<\/a><\/h2><div class=\"fusion-post-content\"><\/div><\/div><\/div><\/article><article id=\"portfolio-2-post-1748\" class=\"fusion-portfolio-post notas-pt-pt sindicalismo-feminista-e-precariedade fusion-col-spacing post-1748\"><div class=\"fusion-portfolio-content-wrapper\" style=\"border:none;\"><span class=\"vcard rich-snippet-hidden\"><span class=\"fn\"><a href=\"http:\/\/laboratoria.red\/pt-br\/author\/la-laboratoria\/\" title=\"Posts de La Laboratoria\" rel=\"author\">La Laboratoria<\/a><\/span><\/span><span class=\"updated rich-snippet-hidden\">2022-03-16T20:50:52+01:00<\/span><div  class=\"fusion-image-wrapper fusion-image-size-fixed\" aria-haspopup=\"true\">\n\t\t\t\t<img decoding=\"async\" width=\"460\" height=\"295\" src=\"http:\/\/laboratoria.red\/wp-content\/uploads\/2022\/03\/DSC_0282-2-460x295.jpg\" class=\"attachment-portfolio-two size-portfolio-two wp-post-image\" alt=\"\" \/><div class=\"fusion-rollover\">\n\t<div class=\"fusion-rollover-content\">\n\n\t\t\t\t\t\t\t\t\t\t\t\t\t\t<a class=\"fusion-rollover-link\" href=\"http:\/\/laboratoria.red\/pt-br\/publicacion\/organizarse-es-empezar-a-vencer-algunas-notas-desde-las-ii-jornadas-de-feminismo-sindicalista\/\">\u201cOrganizar-se \u00e9 come\u00e7ar a vencer\u201d. Algumas notas da 2\u00aa Encontro sobre Feminismo Sindicalista<\/a>\n\t\t\t\n\t\t\t\t\t\t\t\t\n\t\t\n\t\t\t\t\t\t\t\t\t\t\t\t<h4 class=\"fusion-rollover-title\">\n\t\t\t\t\t<a class=\"fusion-rollover-title-link\" href=\"http:\/\/laboratoria.red\/pt-br\/publicacion\/organizarse-es-empezar-a-vencer-algunas-notas-desde-las-ii-jornadas-de-feminismo-sindicalista\/\">\n\t\t\t\t\t\t\u201cOrganizar-se \u00e9 come\u00e7ar a vencer\u201d. Algumas notas da 2\u00aa Encontro sobre Feminismo Sindicalista\t\t\t\t\t<\/a>\n\t\t\t\t<\/h4>\n\t\t\t\n\t\t\t\t\t\t\t\t\n\t\t\n\t\t\t\t\t\t<a class=\"fusion-link-wrapper\" href=\"http:\/\/laboratoria.red\/pt-br\/publicacion\/organizarse-es-empezar-a-vencer-algunas-notas-desde-las-ii-jornadas-de-feminismo-sindicalista\/\" aria-label=\"\u201cOrganizar-se \u00e9 come\u00e7ar a vencer\u201d. Algumas notas da 2\u00aa Encontro sobre Feminismo Sindicalista\"><\/a>\n\t<\/div>\n<\/div>\n<\/div>\n<div class=\"fusion-portfolio-content\"><h2 class=\"entry-title fusion-post-title\"><a href=\"http:\/\/laboratoria.red\/pt-br\/publicacion\/organizarse-es-empezar-a-vencer-algunas-notas-desde-las-ii-jornadas-de-feminismo-sindicalista\/\">\u201cOrganizar-se \u00e9 come\u00e7ar a vencer\u201d. Algumas notas da 2\u00aa Encontro sobre Feminismo Sindicalista<\/a><\/h2><div class=\"fusion-post-content\"><\/div><\/div><\/div><\/article><\/div><\/div><div class=\"fusion-clearfix\"><\/div><\/div><\/div><\/div><\/div><div class=\"fusion-fullwidth fullwidth-box fusion-builder-row-3 hundred-percent-fullwidth non-hundred-percent-height-scrolling fusion-equal-height-columns\" style=\"--awb-border-radius-top-left:0px;--awb-border-radius-top-right:0px;--awb-border-radius-bottom-right:0px;--awb-border-radius-bottom-left:0px;--awb-padding-top:0px;--awb-padding-right:0px;--awb-padding-bottom:0px;--awb-padding-left:0px;--awb-margin-top:0px;--awb-margin-bottom:0px;--awb-flex-wrap:wrap;\" ><div class=\"fusion-builder-row fusion-row\"><div class=\"fusion-layout-column fusion_builder_column fusion-builder-column-4 fusion_builder_column_1_2 1_2 fusion-one-half fusion-column-first\" style=\"--awb-padding-top:4%;--awb-padding-right:5%;--awb-padding-bottom:2%;--awb-padding-left:5%;--awb-bg-color:rgba(255,235,59,0.58);--awb-bg-color-hover:rgba(255,235,59,0.58);--awb-bg-size:cover;--awb-margin-top:5px;--awb-margin-bottom:0px;width:50%;width:calc(50% - ( ( 5px ) * 0.5 ) );margin-right: 5px;\"><div class=\"fusion-column-wrapper fusion-column-has-shadow fusion-flex-column-wrapper-legacy\"><div class=\"fusion-title title fusion-title-6 sep-underline sep-solid fusion-title-center fusion-title-text fusion-title-size-two\" style=\"--awb-text-color:#000000;--awb-margin-top-small:4%;--awb-sep-color:#000000;\"><h2 class=\"fusion-title-heading title-heading-center fusion-responsive-typography-calculated\" style=\"margin:0;--fontSize:24;line-height:1.5;\">ATIVIDADES<\/h2><\/div><div class=\"fusion-text fusion-text-3\"><p>La Laboratoria organiza encontros para compartilhar as an\u00e1lises e pr\u00e1ticas de diferentes experi\u00eancias de lutas feministas e os resultados das investiga\u00e7\u00f5es em andamento, para promover a circula\u00e7\u00e3o de an\u00e1lises e debates em escala global, a contamina\u00e7\u00e3o de ideias e conhecimentos em primeira m\u00e3o de outras realidades locais.<\/p>\n<div class=\"fusion-sep-clear\"><\/div><div class=\"fusion-separator fusion-full-width-sep\" style=\"margin-left: auto;margin-right: auto;width:100%;\"><div class=\"fusion-separator-border sep-solid sep-single\" style=\"--awb-height:20px;--awb-amount:20px;border-color:#e91e63;border-top-width:0px;\"><\/div><\/div><div class=\"fusion-sep-clear\"><\/div>\n<\/div><div class=\"fusion-clearfix\"><\/div><\/div><\/div><div class=\"fusion-layout-column fusion_builder_column fusion-builder-column-5 fusion_builder_column_1_2 1_2 fusion-one-half fusion-column-last\" style=\"--awb-padding-top:4%;--awb-padding-right:5%;--awb-padding-bottom:2%;--awb-padding-left:5%;--awb-bg-color:#000000;--awb-bg-color-hover:#000000;--awb-bg-size:cover;--awb-margin-top:5px;--awb-margin-bottom:0px;width:50%;width:calc(50% - ( ( 5px ) * 0.5 ) );\"><div class=\"fusion-column-wrapper fusion-column-has-shadow fusion-flex-column-wrapper-legacy\"><div class=\"fusion-title title fusion-title-7 sep-underline sep-solid fusion-title-center fusion-title-text fusion-title-size-two\" style=\"--awb-text-color:#e91e63;--awb-margin-top-small:4%;--awb-sep-color:#e91e63;\"><h2 class=\"fusion-title-heading title-heading-center fusion-responsive-typography-calculated\" style=\"margin:0;--fontSize:24;line-height:1.5;\"><span style=\"color: #ffffff;\">N\u00d3S<\/span><\/h2><\/div><div class=\"fusion-text fusion-text-4\"><p><span style=\"color: #ffffff;\">Os n\u00f3s est\u00e3o enraizados em lugares espec\u00edficos e, a partir da\u00ed, organizam viagens e encontros, produzem e acompanham pesquisas situadas, promovem discuss\u00f5es, editam materiais, buscam financiamento local, d\u00e3o difus\u00e3o \u00e0s publica\u00e7\u00f5es.<\/span><\/p>\n<\/div><div class=\"accordian fusion-accordian\" style=\"--awb-border-size:1px;--awb-icon-size:16px;--awb-content-font-size:16px;--awb-icon-alignment:left;--awb-hover-color:#f9f9f9;--awb-border-color:#e91e63;--awb-background-color:#e91e63;--awb-divider-color:#e91e63;--awb-divider-hover-color:#e91e63;--awb-icon-color:#e91e63;--awb-title-color:#e91e63;--awb-content-color:#494949;--awb-icon-box-color:#333333;--awb-toggle-hover-accent-color:#e91e63;--awb-title-font-family:&quot;Fjalla One&quot;;--awb-title-font-weight:400;--awb-title-font-style:normal;--awb-title-font-size:16px;--awb-title-line-height:1.5;--awb-content-font-family:&quot;Lato&quot;;--awb-content-font-style:normal;--awb-content-font-weight:400;\" id=\"nodos_acordeon\"><div class=\"panel-group fusion-toggle-icon-unboxed\" id=\"accordion-1748-1\"><div class=\"fusion-panel panel-default panel-7a3ad4a38317da9f2 fusion-toggle-no-divider\"><div class=\"panel-heading\"><h4 class=\"panel-title toggle\" id=\"toggle_7a3ad4a38317da9f2\"><a aria-expanded=\"false\" aria-controls=\"7a3ad4a38317da9f2\" role=\"button\" data-toggle=\"collapse\" data-parent=\"#accordion-1748-1\" data-target=\"#7a3ad4a38317da9f2\" href=\"#7a3ad4a38317da9f2\"><span class=\"fusion-toggle-icon-wrapper\" aria-hidden=\"true\"><i class=\"fa-fusion-box active-icon awb-icon-minus\" aria-hidden=\"true\"><\/i><i class=\"fa-fusion-box inactive-icon awb-icon-plus\" aria-hidden=\"true\"><\/i><\/span><span class=\"fusion-toggle-heading\">Buenos Aires GIIF<\/span><\/a><\/h4><\/div><div id=\"7a3ad4a38317da9f2\" class=\"panel-collapse collapse \" aria-labelledby=\"toggle_7a3ad4a38317da9f2\"><div class=\"panel-body toggle-content fusion-clearfix\">\n<p>O Grupo de Investigaci\u00f3n Intervenci\u00f3n Feminista (GIIF) \u00e9 um grupo interdisciplinar de pesquisa e a\u00e7\u00e3o no campo da economia feminista. Nessa perspectiva, aborda problemas vinculados a tr\u00eas eixos principais: trabalho, viol\u00eancia e pr\u00e1ticas pol\u00edticas. A partir de nossa tarefa pretendemos produzir conhecimento e contribuir para conceitua\u00e7\u00f5es e diagn\u00f3sticos dentro do movimento feminista. Trabalhamos em alian\u00e7a com organiza\u00e7\u00f5es feministas e sindicais e organizamos inst\u00e2ncias de forma\u00e7\u00e3o e debate em v\u00e1rios campos.<\/p>\n<\/div><\/div><\/div><div class=\"fusion-panel panel-default panel-2cae5b0ed4670367a fusion-toggle-no-divider\"><div class=\"panel-heading\"><h4 class=\"panel-title toggle\" id=\"toggle_2cae5b0ed4670367a\"><a aria-expanded=\"false\" aria-controls=\"2cae5b0ed4670367a\" role=\"button\" data-toggle=\"collapse\" data-parent=\"#accordion-1748-1\" data-target=\"#2cae5b0ed4670367a\" href=\"#2cae5b0ed4670367a\"><span class=\"fusion-toggle-icon-wrapper\" aria-hidden=\"true\"><i class=\"fa-fusion-box active-icon awb-icon-minus\" aria-hidden=\"true\"><\/i><i class=\"fa-fusion-box inactive-icon awb-icon-plus\" aria-hidden=\"true\"><\/i><\/span><span class=\"fusion-toggle-heading\">Quito<\/span><\/a><\/h4><\/div><div id=\"2cae5b0ed4670367a\" class=\"panel-collapse collapse \" aria-labelledby=\"toggle_2cae5b0ed4670367a\"><div class=\"panel-body toggle-content fusion-clearfix\">\n<p><span style=\"font-weight: 400;\">O n\u00f3 Quito se re\u00fane em torno de La Flor del Guanto, uma comunidade feminista de discuss\u00e3o e autoforma\u00e7\u00e3o que se re\u00fane em torno de uma revista de mesmo nome. Algumas colegas tamb\u00e9m participam de grupos e iniciativas feministas e ambientais como Mujeres de Frente, Acci\u00f3n Ecol\u00f3gica, Rede Universit\u00e1ria contra o Ass\u00e9dio Sexual, Coletivo de Geografia Cr\u00edtica, entre outros. Algumas de n\u00f3s trabalham e estudam em universidades, outras ganham a vida acompanhando processos ativistas por meio da pesquisa-a\u00e7\u00e3o. A maioria de n\u00f3s est\u00e1 em Quito, algumas foram embora e ainda assim estamos juntas de mil maneiras. Nos unimos contra a viol\u00eancia patriarcal, a desapropria\u00e7\u00e3o e criminaliza\u00e7\u00e3o de mulheres e pessoas empobrecidas, o extrativismo e os atuais fundamentalismos conservadores. Mas, acima de tudo, tramamos o apoio m\u00fatuo na diversidade e na adversidade que nos une a outras pr\u00f3ximas, tramamos para nos tornarmos mais fortes e mais livres juntas.<\/span><\/p>\n<\/div><\/div><\/div><div class=\"fusion-panel panel-default panel-f8236ea48a81d27f6 fusion-toggle-no-divider\"><div class=\"panel-heading\"><h4 class=\"panel-title toggle\" id=\"toggle_f8236ea48a81d27f6\"><a aria-expanded=\"false\" aria-controls=\"f8236ea48a81d27f6\" role=\"button\" data-toggle=\"collapse\" data-parent=\"#accordion-1748-1\" data-target=\"#f8236ea48a81d27f6\" href=\"#f8236ea48a81d27f6\"><span class=\"fusion-toggle-icon-wrapper\" aria-hidden=\"true\"><i class=\"fa-fusion-box active-icon awb-icon-minus\" aria-hidden=\"true\"><\/i><i class=\"fa-fusion-box inactive-icon awb-icon-plus\" aria-hidden=\"true\"><\/i><\/span><span class=\"fusion-toggle-heading\">Nova York<\/span><\/a><\/h4><\/div><div id=\"f8236ea48a81d27f6\" class=\"panel-collapse collapse \" aria-labelledby=\"toggle_f8236ea48a81d27f6\"><div class=\"panel-body toggle-content fusion-clearfix\">\n<p><span style=\"font-weight: 400;\">O n\u00f3 de Nova York est\u00e1 em processo de forma\u00e7\u00e3o. Somos movidas pela ideia de criar espa\u00e7os de acompanhamento, interven\u00e7\u00e3o e pesquisa-a\u00e7\u00e3o situada que articulem o trabalho de diferentes coletivos. Queremos co-gerar encontros e oficinas, apoiar a cria\u00e7\u00e3o de metodologias e ferramentas que potencializem o conhecimento produzido a partir das lutas e explorar e promover, desde os espa\u00e7os sonoros e visuais, diferentes narrativas.<\/span><\/p>\n<\/div><\/div><\/div><div class=\"fusion-panel panel-default panel-3cfa0fa827e5d7b88 fusion-toggle-no-divider\"><div class=\"panel-heading\"><h4 class=\"panel-title toggle\" id=\"toggle_3cfa0fa827e5d7b88\"><a aria-expanded=\"false\" aria-controls=\"3cfa0fa827e5d7b88\" role=\"button\" data-toggle=\"collapse\" data-parent=\"#accordion-1748-1\" data-target=\"#3cfa0fa827e5d7b88\" href=\"#3cfa0fa827e5d7b88\"><span class=\"fusion-toggle-icon-wrapper\" aria-hidden=\"true\"><i class=\"fa-fusion-box active-icon awb-icon-minus\" aria-hidden=\"true\"><\/i><i class=\"fa-fusion-box inactive-icon awb-icon-plus\" aria-hidden=\"true\"><\/i><\/span><span class=\"fusion-toggle-heading\">Madri<\/span><\/a><\/h4><\/div><div id=\"3cfa0fa827e5d7b88\" class=\"panel-collapse collapse \" aria-labelledby=\"toggle_3cfa0fa827e5d7b88\"><div class=\"panel-body toggle-content fusion-clearfix\">\n<p>A partir do n\u00f3 de Madri queremos promover e acompanhar processos de pesquisa feminista situados e coproduzir encontros e materiais que, a partir das lutas, com rebeldia e na linguagem de suas protagonistas, contem outras hist\u00f3rias, iluminem mundos mais promissores e orientem nossa a\u00e7\u00e3o. Trabalhamos em colabora\u00e7\u00e3o e conversa\u00e7\u00e3o com uma trama de aliades na cidade e para al\u00e9m dela.<\/p>\n<\/div><\/div><\/div><div class=\"fusion-panel panel-default panel-6fb4df13405e16681 fusion-toggle-no-divider\"><div class=\"panel-heading\"><h4 class=\"panel-title toggle\" id=\"toggle_6fb4df13405e16681\"><a aria-expanded=\"false\" aria-controls=\"6fb4df13405e16681\" role=\"button\" data-toggle=\"collapse\" data-parent=\"#accordion-1748-1\" data-target=\"#6fb4df13405e16681\" href=\"#6fb4df13405e16681\"><span class=\"fusion-toggle-icon-wrapper\" aria-hidden=\"true\"><i class=\"fa-fusion-box active-icon awb-icon-minus\" aria-hidden=\"true\"><\/i><i class=\"fa-fusion-box inactive-icon awb-icon-plus\" aria-hidden=\"true\"><\/i><\/span><span class=\"fusion-toggle-heading\">Porto Alegre<\/span><\/a><\/h4><\/div><div id=\"6fb4df13405e16681\" class=\"panel-collapse collapse \" aria-labelledby=\"toggle_6fb4df13405e16681\"><div class=\"panel-body toggle-content fusion-clearfix\">\n<p>O n\u00f3 de Porto Alegre est\u00e1 em processo de forma\u00e7\u00e3o. Somos movidas pelo desejo de construir m\u00faltiplas interven\u00e7\u00f5es, compartilhar redes e experi\u00eancias, criar espa\u00e7os plurais e fomentar pesquisas comprometidas. Aceitamos o desafio de realizar pr\u00e1ticas intelectuais que sejam interven\u00e7\u00f5es concretas, que busquem sem\u00e2nticas capazes de compreender o presente pela radicalidade material dos corpos e tamb\u00e9m de criar novas formas de vida em comum. Provoca-nos pensar o mundo desde as perspectivas feministas antirracistas e anticoloniais como ponto de partida para produzir alian\u00e7as, encontros, oficinas, escritas e tradu\u00e7\u00f5es e desenvolver estrat\u00e9gias rebeldes como guias de nossas a\u00e7\u00f5es.<\/p>\n<\/div><\/div><\/div><\/div><\/div><div class=\"fusion-title title fusion-title-8 sep-underline sep-solid fusion-title-center fusion-title-text fusion-title-size-two\" style=\"--awb-text-color:#ffffff;--awb-margin-top:4%;--awb-margin-top-small:6%;--awb-sep-color:#e91e63;\"><h2 class=\"fusion-title-heading title-heading-center fusion-responsive-typography-calculated\" style=\"margin:0;--fontSize:24;line-height:1.5;\">CONSELHO DE SABIAS<\/h2><\/div><div class=\"fusion-text fusion-text-5\"><p><span style=\"color: #ffffff;\">Aliadas e conselheiras, te\u00f3ricas e ativistas de refer\u00eancia com uma longa hist\u00f3ria de organiza\u00e7\u00e3o, pesquisa e escrita feminista, oferecem inspira\u00e7\u00e3o e apoio a grupos de pesquisa e ativistas pesquisadoras e participam de encontros e laborat\u00f3rios de produ\u00e7\u00e3o coletiva.<\/span><\/p>\n<\/div><div class=\"fusion-clearfix\"><\/div><\/div><\/div><\/div><\/div><\/p>\n","protected":false},"excerpt":{"rendered":"","protected":false},"author":1,"featured_media":0,"parent":0,"menu_order":0,"comment_status":"closed","ping_status":"open","template":"100-width.php","meta":{"footnotes":""},"class_list":["post-1501","page","type-page","status-publish","hentry"],"_links":{"self":[{"href":"http:\/\/laboratoria.red\/pt-br\/wp-json\/wp\/v2\/pages\/1501","targetHints":{"allow":["GET"]}}],"collection":[{"href":"http:\/\/laboratoria.red\/pt-br\/wp-json\/wp\/v2\/pages"}],"about":[{"href":"http:\/\/laboratoria.red\/pt-br\/wp-json\/wp\/v2\/types\/page"}],"author":[{"embeddable":true,"href":"http:\/\/laboratoria.red\/pt-br\/wp-json\/wp\/v2\/users\/1"}],"replies":[{"embeddable":true,"href":"http:\/\/laboratoria.red\/pt-br\/wp-json\/wp\/v2\/comments?post=1501"}],"version-history":[{"count":4,"href":"http:\/\/laboratoria.red\/pt-br\/wp-json\/wp\/v2\/pages\/1501\/revisions"}],"predecessor-version":[{"id":1875,"href":"http:\/\/laboratoria.red\/pt-br\/wp-json\/wp\/v2\/pages\/1501\/revisions\/1875"}],"wp:attachment":[{"href":"http:\/\/laboratoria.red\/pt-br\/wp-json\/wp\/v2\/media?parent=1501"}],"curies":[{"name":"wp","href":"https:\/\/api.w.org\/{rel}","templated":true}]}}