{"id":2740,"date":"2024-04-09T07:03:43","date_gmt":"2024-04-09T05:03:43","guid":{"rendered":"https:\/\/tallertraficantes.net\/laboratoria\/?post_type=tribe_events&#038;p=2740"},"modified":"2024-04-25T12:43:07","modified_gmt":"2024-04-25T10:43:07","slug":"en-la-tela-de-arana-infancias-violencia-institucional-y-horizontes-feministas-de-justicia","status":"publish","type":"tribe_events","link":"http:\/\/laboratoria.red\/en\/actividad\/en-la-tela-de-arana-infancias-violencia-institucional-y-horizontes-feministas-de-justicia\/","title":{"rendered":"En la tela de ara\u00f1a. Infancias, violencia institucional y horizontes feministas de justicia"},"content":{"rendered":"<p><strong>26 y 27 de abril de 2024 \u2013 Madrid<\/strong><\/p>\n<p>\u00bfQu\u00e9 sucede cuando es la infancia quien sufre la violencia patriarcal? \u00bfSe escucha debidamente a las criaturas cuando refieren violencia (f\u00edsica, sexual, psicol\u00f3gica) en su familia? \u00bfC\u00f3mo interfiere el machismo, el clasismo y el racismo en esa escucha? \u00bfCu\u00e1les son los sistemas de protecci\u00f3n que existen, cu\u00e1ndo y c\u00f3mo se activan? \u00bfQu\u00e9 interpretaciones existen del inter\u00e9s superior del menor y a favor de qui\u00e9n juegan? \u00bfY qu\u00e9 tiene todo esto que ver con el feminismo y con los debates en torno a la justicia?<\/p>\n<p>Durante dos a\u00f1os, una red de madres protectoras (madres que han decidido proteger a sus criaturas frente a situaciones contrastadas de violencia paterna), han desarrollado una investigaci\u00f3n con el apoyo de La Laboratoria y en colaboraci\u00f3n con el equipo de <a href=\"https:\/\/www.museoreinasofia.es\/museo-tentacular\">Museo Tentacular<\/a>. A partir de diferentes estrategias situadas de investigaci\u00f3n y narraci\u00f3n, han analizado la construcci\u00f3n del S\u00edndrome de Alienaci\u00f3n Parental, que reinterpreta en los procedimientos judiciales las revelaciones infantiles de violencia paterna como recuerdos implantados por la madre para instrumentalizar a las criaturas en beneficio propio en separaciones y litigios por la custodia. Juntas han indagado en las consecuencias de la aplicaci\u00f3n de este constructo, que incluye criminalizaci\u00f3n de las madres\u00a0 y arrancamientos (separar a les ni\u00f1es de sus \u201cmadres alienantes\u201d y entregarles al padre, denunciado por violencia). Este proceso ha cristalizado en la pieza esc\u00e9nica <em>Arrancamiento<\/em>, protagonizada por Pamela Palenciano, y en una publicaci\u00f3n que acaba de ver la luz: &#8220;En la tela de ara\u00f1a. Las violencias contra la infancia y la lucha de las madres protectoras&#8221;.<\/p>\n<p>&#8220;Infancias, violencia institucional y horizontes feministas de justicia&#8221; propone un programa doble que viene a culminar este proceso de investigaci\u00f3n y creaci\u00f3n. La primera jornada se abre con la representaci\u00f3n de <em>Arrancamiento<\/em>, seguida por un coloquio con las participantes de la investigaci\u00f3n, donde se abordar\u00e1 el papel de la palabra colectiva en los procesos de reparaci\u00f3n y sanaci\u00f3n.<\/p>\n<p>La segunda jornada est\u00e1 compuesta por un conjunto de conversatorios que ponen la lucha de las madres protectoras en di\u00e1logo con debates m\u00e1s amplios: \u00bfcu\u00e1l es el (no)lugar de la violencia sexual contra la infancia en nuestras sociedad? \u00bfQu\u00e9 podemos aprender de quienes lo han vivido en carne propia y se han atrevido a contarlo? \u00bfCu\u00e1ndo, c\u00f3mo y de qu\u00e9 se protege a la infancia? \u00bfC\u00f3mo y cu\u00e1ndo se la escucha? \u00bfQu\u00e9 pr\u00e1cticas y mecanismos institucionales ayudan a las infancias a reponerse de las violencias sufridas y cu\u00e1les en cambio no hacen sino ahondar el trauma? \u00bfA qu\u00e9 llamamos violencia institucional? \u00bfCu\u00e1l es el papel de la ley en la lucha contra la violencia patriarcal en el \u00e1mbito de la familia? \u00bfPodemos visualizar horizontes de justicia donde la protecci\u00f3n mutua, la escucha y el acompa\u00f1amiento, la responsabilizaci\u00f3n y la reparaci\u00f3n vayan de la mano de la cr\u00edtica a las l\u00f3gicas patriarcales, racistas y clasistas que estructuran nuestras sociedades? \u00bfDesde d\u00f3nde y con qu\u00e9 instrumentos? \u00bfCu\u00e1l es el papel del arte, la investigaci\u00f3n y la palabra colectiva en todo ello?<\/p>\n<p>&nbsp;<\/p>\n<hr \/>\n<h1><strong>Programa<br \/>\n<\/strong><\/h1>\n<div>Museo Reina Sof\u00eda. Edificio Nouvel, Auditorio 400. Entrada libre hasta completar aforo.<\/div>\n<h2><strong>Viernes 26 de abril, 2024<\/strong><\/h2>\n<p>18:00 \u2013 Arrancamiento. Una historia sobre la infancia que nunca nos contaron. Obra de Pamela Palenciano<\/p>\n<p>19:30 \u2013 Coloquio con Pamela Palenciano, D\u00e9bora \u00c1vila, Justa Teruel y madres protectoras, autoras de &#8220;En la tela de ara\u00f1a. Las violencias contra la infancia y la lucha de las madres protectoras&#8221;<\/p>\n<h2><strong>S\u00e1bado 27 de abril, 2024<\/strong><\/h2>\n<p>10:30 \u2013 <em>Violencias sexuales en la infancia. Romper la ley del silencio\u00a0<\/em><\/p>\n<p>Conversaci\u00f3n con Yolanda Mozota, Marisa Kohan y otras voces. Acompa\u00f1a D\u00e9bora \u00c1vila<\/p>\n<p>12:30 \u2013\u00a0<em>(Des)protecci\u00f3n de las infancias<\/em><\/p>\n<p>Conversaci\u00f3n con Mel de Lima (Colectiva Madrecitas), Saida Garc\u00eda (Euforia), Beatriz Atenciano y Violeta Assiego. Acompa\u00f1a Justa Teruel<\/p>\n<p>16:00 \u2013 <em>La batalla jur\u00eddica desde el feminismo<\/em><\/p>\n<p>Conversaci\u00f3n con Caterina Canyelles, Mar\u00eda Naredo, Miren Ortubay e Isabel Gim\u00e9nez. Acompa\u00f1a Marta P\u00e9rez<\/p>\n<p>18:30 \u2013 <em>Horizontes feministas de justicia<\/em><\/p>\n<p>Conversaci\u00f3n con Emanuela Borzacchiello, Celeste Perosino, Susana Draper y Laura Iruarrizaga (Comisi\u00f3n de violencias 8M). Acompa\u00f1a Marta Malo<\/p>\n<p>&nbsp;<\/p>\n<hr \/>\n<h1><strong>Ponentes<\/strong><\/h1>\n<p><strong>Marisa Kohan.<\/strong> Periodista especializada en g\u00e9nero, cooperaci\u00f3n al desarrollo y Derechos Humanos. Ha dado cobertura informativa desde hace m\u00e1s de cuatro a\u00f1os a la lucha de madres protectoras.<\/p>\n<p><strong>Yolanda Mozota.<\/strong> Licenciada en Ciencias Pol\u00edticas y Sociolog\u00eda por la Universidad Complutense, Formadora y especialista en Terapia Gestalt y M\u00e1ster de experta en Trauma por la Universidad de Alcal\u00e1. Superviviente de violencia sexual en la infancia.<\/p>\n<p><strong>Mel de Lima.<\/strong> Madre, activista, feminista descolonial y antirracista. Integrante de la Colectiva Madrecitas, que denuncia la vulneraci\u00f3n de DD.HH. y la violencia institucional contra las madres migrantes y sus hijos.<\/p>\n<p><strong>Saida Garcia Casuso.<\/strong> Activista transfeminista. Gorda, bollera y precaria. Vicepresidenta y cofundadora de EUFORIA \u2013 Familias Trans-Aliadas. Experta en Intervenci\u00f3n Sociocomunitaria, diversidad sexual y g\u00e9nero especializada en infancia, juventud y familia.<\/p>\n<p><strong>Beatriz Atenciano.<\/strong> Psic\u00f3loga infanto juvenil, especializada en intervenci\u00f3n con hijas e hijos de mujeres v\u00edctimas de malos tratos en la pareja, desarrolla su labor en programas p\u00fablicos.<\/p>\n<p><strong>Violeta Assiego.<\/strong> Jurista especialista en DD.HH. Investiga en colaboraci\u00f3n con asociaciones y colectivos con el foco puesto en el g\u00e9nero, las infancias y la interseccionalidad.<\/p>\n<p><strong>Caterina Canyelles.<\/strong> Antrop\u00f3loga y autora de la obra &#8220;Machismo y cultura jur\u00eddica. Etnograf\u00eda del proceso judicial de la violencia de g\u00e9nero&#8221;.<\/p>\n<p><strong>Mar\u00eda Naredo.<\/strong> Jurista experta en g\u00e9nero y derechos humanos\u200b\u200b\u200b\u200b\u200b\u200b\u200b.<\/p>\n<p><strong>Miren Ortubay.<\/strong> Jurista e investigadora, apuesta por\u00a0 la reducci\u00f3n del sistema penal desde un feminismo no punitivista.<\/p>\n<p><strong>Isabel Gim\u00e9nez Garc\u00eda.<\/strong> Jueza comprometida con los derechos de las infancias. Coordinadora de la Asociaci\u00f3n de Mujeres Juezas (AMJE).<\/p>\n<p><strong>Emanuela Borzacchiello.<\/strong> Historiadora italomexicana.\u00a0En sus investigaciones analiza las violencias feminicidas\u00a0en su cruce con las transformaciones pol\u00edticas en el marco del neoliberalismo mexicano.<\/p>\n<p><strong>Celeste Perosino.<\/strong> Antrop\u00f3loga, fundadora de la Colectiva de Intervenci\u00f3n ante las Violencias.<\/p>\n<p><strong>Susana Draper.<\/strong> Escritora y docente uruguaya. Ense\u00f1a en la Universidad de Princeton y vive en Harlem (Nueva York), donde participa en diferentes colectivas feministas y en la lucha por la abolici\u00f3n del sistema carcelario.<\/p>\n<p><strong>Laura Iruarrizaga Ballesteros.<\/strong> Integrante del Grupo de Trabajo sobre Violencias de la Comisi\u00f3n 8M de Madrid.<\/p>\n<h1><strong>Y acompa\u00f1ando:<\/strong><\/h1>\n<p><strong>Justa Teruel.<\/strong> Librera, escritora y acompa\u00f1ante de madres protectoras.<\/p>\n<p><strong>D\u00e9bora \u00c1vila.<\/strong> Miembro de La Laboratoria,\u00a0 acompa\u00f1ante de madres protectoras y coatura del informe &#8220;Violencia institucional contra las madres y la infancia&#8221; (Ministerio de Igualdad, 2023).<\/p>\n<p><strong>Marta P\u00e9rez.<\/strong> Profesora de Antropolog\u00eda en la UCM, integrante de la asociaci\u00f3n de investigaci\u00f3n militante Entrar Afuera y coatura del informe &#8220;Violencia institucional contra las madres y la infancia&#8221; (Ministerio de Igualdad, 2023).<\/p>\n<p><strong>Pamela Palenciano.<\/strong> Actriz, comunicadora y activista feminista andaluza, reconocida internacionalmente por su mon\u00f3logo teatral No solo duelen los golpes.<\/p>\n<p><strong>Berta Sepur.<\/strong> Berta Sepur es una madre protectora criminalizada en la defensa de los derechos humanos de la infancia, que sufre agresi\u00f3n sexual paterna, y aplicaci\u00f3n del S\u00edndrome de Alineaci\u00f3n Parental en los juzgados espa\u00f1oles. Lucha desde la red de madres protectoras para que la infancia pueda vivir una vida libre de violencias, y por alcanzar Verdad, Justicia y Reparaci\u00f3n frente a la violencia institucional que supone el SAP.<\/p>\n<p><strong>Marta Malo.<\/strong> Traductora, investigadora activista y miembro de La Laboratoria.<\/p>\n<p>&nbsp;<\/p>\n<hr \/>\n\n\t\t<style type=\"text\/css\">\n\t\t\t#gallery-1 {\n\t\t\t\tmargin: auto;\n\t\t\t}\n\t\t\t#gallery-1 .gallery-item {\n\t\t\t\tfloat: left;\n\t\t\t\tmargin-top: 10px;\n\t\t\t\ttext-align: center;\n\t\t\t\twidth: 50%;\n\t\t\t}\n\t\t\t#gallery-1 img {\n\t\t\t\tborder: 2px solid #cfcfcf;\n\t\t\t}\n\t\t\t#gallery-1 .gallery-caption {\n\t\t\t\tmargin-left: 0;\n\t\t\t}\n\t\t\t\/* see gallery_shortcode() in wp-includes\/media.php *\/\n\t\t<\/style>\n\t\t<div id='gallery-1' class='gallery galleryid-2740 gallery-columns-2 gallery-size-medium'><dl class='gallery-item'>\n\t\t\t<dt class='gallery-icon landscape'>\n\t\t\t\t<a data-rel=\"iLightbox[postimages]\" data-title=\"ArrancamientoColoquio\" data-caption=\"\" href='http:\/\/laboratoria.red\/en\/arrancamientocoloquio-2\/'><img decoding=\"async\" width=\"300\" height=\"300\" src=\"http:\/\/laboratoria.red\/wp-content\/uploads\/2024\/04\/ArrancamientoColoquio-300x300.png\" class=\"attachment-medium size-medium\" alt=\"\" srcset=\"http:\/\/laboratoria.red\/wp-content\/uploads\/2024\/04\/ArrancamientoColoquio-66x66.png 66w, http:\/\/laboratoria.red\/wp-content\/uploads\/2024\/04\/ArrancamientoColoquio-150x150.png 150w, http:\/\/laboratoria.red\/wp-content\/uploads\/2024\/04\/ArrancamientoColoquio-200x200.png 200w, http:\/\/laboratoria.red\/wp-content\/uploads\/2024\/04\/ArrancamientoColoquio-300x300.png 300w, http:\/\/laboratoria.red\/wp-content\/uploads\/2024\/04\/ArrancamientoColoquio-400x400.png 400w, http:\/\/laboratoria.red\/wp-content\/uploads\/2024\/04\/ArrancamientoColoquio-600x600.png 600w, http:\/\/laboratoria.red\/wp-content\/uploads\/2024\/04\/ArrancamientoColoquio-768x768.png 768w, http:\/\/laboratoria.red\/wp-content\/uploads\/2024\/04\/ArrancamientoColoquio-800x800.png 800w, http:\/\/laboratoria.red\/wp-content\/uploads\/2024\/04\/ArrancamientoColoquio-1024x1024.png 1024w, http:\/\/laboratoria.red\/wp-content\/uploads\/2024\/04\/ArrancamientoColoquio-1200x1200.png 1200w, http:\/\/laboratoria.red\/wp-content\/uploads\/2024\/04\/ArrancamientoColoquio-1536x1536.png 1536w\" sizes=\"(max-width: 300px) 100vw, 300px\" \/><\/a>\n\t\t\t<\/dt><\/dl>\n\t\t\t<br style='clear: both' \/>\n\t\t<\/div>\n\n<p>&nbsp;<\/p>\n\n\t\t<style type=\"text\/css\">\n\t\t\t#gallery-2 {\n\t\t\t\tmargin: auto;\n\t\t\t}\n\t\t\t#gallery-2 .gallery-item {\n\t\t\t\tfloat: left;\n\t\t\t\tmargin-top: 10px;\n\t\t\t\ttext-align: center;\n\t\t\t\twidth: 50%;\n\t\t\t}\n\t\t\t#gallery-2 img {\n\t\t\t\tborder: 2px solid #cfcfcf;\n\t\t\t}\n\t\t\t#gallery-2 .gallery-caption {\n\t\t\t\tmargin-left: 0;\n\t\t\t}\n\t\t\t\/* see gallery_shortcode() in wp-includes\/media.php *\/\n\t\t<\/style>\n\t\t<div id='gallery-2' class='gallery galleryid-2740 gallery-columns-2 gallery-size-medium'><dl class='gallery-item'>\n\t\t\t<dt class='gallery-icon landscape'>\n\t\t\t\t<a data-rel=\"iLightbox[postimages]\" data-title=\"4_Mesa1\" data-caption=\"\" href='http:\/\/laboratoria.red\/en\/4_mesa1-2\/'><img decoding=\"async\" width=\"300\" height=\"300\" src=\"http:\/\/laboratoria.red\/wp-content\/uploads\/2024\/04\/4_Mesa1-300x300.png\" class=\"attachment-medium size-medium\" alt=\"\" srcset=\"http:\/\/laboratoria.red\/wp-content\/uploads\/2024\/04\/4_Mesa1-66x66.png 66w, http:\/\/laboratoria.red\/wp-content\/uploads\/2024\/04\/4_Mesa1-150x150.png 150w, http:\/\/laboratoria.red\/wp-content\/uploads\/2024\/04\/4_Mesa1-200x200.png 200w, http:\/\/laboratoria.red\/wp-content\/uploads\/2024\/04\/4_Mesa1-300x300.png 300w, http:\/\/laboratoria.red\/wp-content\/uploads\/2024\/04\/4_Mesa1-400x400.png 400w, http:\/\/laboratoria.red\/wp-content\/uploads\/2024\/04\/4_Mesa1-600x600.png 600w, http:\/\/laboratoria.red\/wp-content\/uploads\/2024\/04\/4_Mesa1-768x768.png 768w, http:\/\/laboratoria.red\/wp-content\/uploads\/2024\/04\/4_Mesa1-800x800.png 800w, http:\/\/laboratoria.red\/wp-content\/uploads\/2024\/04\/4_Mesa1-1024x1024.png 1024w, http:\/\/laboratoria.red\/wp-content\/uploads\/2024\/04\/4_Mesa1-1200x1200.png 1200w, http:\/\/laboratoria.red\/wp-content\/uploads\/2024\/04\/4_Mesa1-1536x1536.png 1536w\" sizes=\"(max-width: 300px) 100vw, 300px\" \/><\/a>\n\t\t\t<\/dt><\/dl><dl class='gallery-item'>\n\t\t\t<dt class='gallery-icon landscape'>\n\t\t\t\t<a data-rel=\"iLightbox[postimages]\" data-title=\"SabadoMesa2\" data-caption=\"\" href='http:\/\/laboratoria.red\/en\/sabadomesa2-2\/'><img decoding=\"async\" width=\"300\" height=\"300\" src=\"http:\/\/laboratoria.red\/wp-content\/uploads\/2024\/04\/SabadoMesa2-300x300.png\" class=\"attachment-medium size-medium\" alt=\"\" srcset=\"http:\/\/laboratoria.red\/wp-content\/uploads\/2024\/04\/SabadoMesa2-66x66.png 66w, http:\/\/laboratoria.red\/wp-content\/uploads\/2024\/04\/SabadoMesa2-150x150.png 150w, http:\/\/laboratoria.red\/wp-content\/uploads\/2024\/04\/SabadoMesa2-200x200.png 200w, http:\/\/laboratoria.red\/wp-content\/uploads\/2024\/04\/SabadoMesa2-300x300.png 300w, http:\/\/laboratoria.red\/wp-content\/uploads\/2024\/04\/SabadoMesa2-400x400.png 400w, http:\/\/laboratoria.red\/wp-content\/uploads\/2024\/04\/SabadoMesa2-600x600.png 600w, http:\/\/laboratoria.red\/wp-content\/uploads\/2024\/04\/SabadoMesa2-768x768.png 768w, http:\/\/laboratoria.red\/wp-content\/uploads\/2024\/04\/SabadoMesa2-800x800.png 800w, http:\/\/laboratoria.red\/wp-content\/uploads\/2024\/04\/SabadoMesa2-1024x1024.png 1024w, http:\/\/laboratoria.red\/wp-content\/uploads\/2024\/04\/SabadoMesa2-1200x1200.png 1200w, http:\/\/laboratoria.red\/wp-content\/uploads\/2024\/04\/SabadoMesa2-1536x1536.png 1536w\" sizes=\"(max-width: 300px) 100vw, 300px\" \/><\/a>\n\t\t\t<\/dt><\/dl><br style=\"clear: both\" \/><dl class='gallery-item'>\n\t\t\t<dt class='gallery-icon landscape'>\n\t\t\t\t<a data-rel=\"iLightbox[postimages]\" data-title=\"SabadoMesa3\" data-caption=\"\" href='http:\/\/laboratoria.red\/en\/sabadomesa3-2\/'><img decoding=\"async\" width=\"300\" height=\"300\" src=\"http:\/\/laboratoria.red\/wp-content\/uploads\/2024\/04\/SabadoMesa3-300x300.png\" class=\"attachment-medium size-medium\" alt=\"\" srcset=\"http:\/\/laboratoria.red\/wp-content\/uploads\/2024\/04\/SabadoMesa3-66x66.png 66w, http:\/\/laboratoria.red\/wp-content\/uploads\/2024\/04\/SabadoMesa3-150x150.png 150w, http:\/\/laboratoria.red\/wp-content\/uploads\/2024\/04\/SabadoMesa3-200x200.png 200w, http:\/\/laboratoria.red\/wp-content\/uploads\/2024\/04\/SabadoMesa3-300x300.png 300w, http:\/\/laboratoria.red\/wp-content\/uploads\/2024\/04\/SabadoMesa3-400x400.png 400w, http:\/\/laboratoria.red\/wp-content\/uploads\/2024\/04\/SabadoMesa3-600x600.png 600w, http:\/\/laboratoria.red\/wp-content\/uploads\/2024\/04\/SabadoMesa3-768x768.png 768w, http:\/\/laboratoria.red\/wp-content\/uploads\/2024\/04\/SabadoMesa3-800x800.png 800w, http:\/\/laboratoria.red\/wp-content\/uploads\/2024\/04\/SabadoMesa3-1024x1024.png 1024w, http:\/\/laboratoria.red\/wp-content\/uploads\/2024\/04\/SabadoMesa3-1200x1200.png 1200w, http:\/\/laboratoria.red\/wp-content\/uploads\/2024\/04\/SabadoMesa3-1536x1536.png 1536w\" sizes=\"(max-width: 300px) 100vw, 300px\" \/><\/a>\n\t\t\t<\/dt><\/dl><dl class='gallery-item'>\n\t\t\t<dt class='gallery-icon landscape'>\n\t\t\t\t<a data-rel=\"iLightbox[postimages]\" data-title=\"SabadoMesa4\" data-caption=\"\" href='http:\/\/laboratoria.red\/en\/sabadomesa4-2\/'><img decoding=\"async\" width=\"300\" height=\"300\" src=\"http:\/\/laboratoria.red\/wp-content\/uploads\/2024\/04\/SabadoMesa4-300x300.png\" class=\"attachment-medium size-medium\" alt=\"\" srcset=\"http:\/\/laboratoria.red\/wp-content\/uploads\/2024\/04\/SabadoMesa4-66x66.png 66w, http:\/\/laboratoria.red\/wp-content\/uploads\/2024\/04\/SabadoMesa4-150x150.png 150w, http:\/\/laboratoria.red\/wp-content\/uploads\/2024\/04\/SabadoMesa4-200x200.png 200w, http:\/\/laboratoria.red\/wp-content\/uploads\/2024\/04\/SabadoMesa4-300x300.png 300w, http:\/\/laboratoria.red\/wp-content\/uploads\/2024\/04\/SabadoMesa4-400x400.png 400w, http:\/\/laboratoria.red\/wp-content\/uploads\/2024\/04\/SabadoMesa4-600x600.png 600w, http:\/\/laboratoria.red\/wp-content\/uploads\/2024\/04\/SabadoMesa4-768x768.png 768w, http:\/\/laboratoria.red\/wp-content\/uploads\/2024\/04\/SabadoMesa4-800x800.png 800w, http:\/\/laboratoria.red\/wp-content\/uploads\/2024\/04\/SabadoMesa4-1024x1024.png 1024w, http:\/\/laboratoria.red\/wp-content\/uploads\/2024\/04\/SabadoMesa4-1200x1200.png 1200w, http:\/\/laboratoria.red\/wp-content\/uploads\/2024\/04\/SabadoMesa4-1536x1536.png 1536w\" sizes=\"(max-width: 300px) 100vw, 300px\" \/><\/a>\n\t\t\t<\/dt><\/dl><br style=\"clear: both\" \/>\n\t\t<\/div>\n\n<p>&nbsp;<\/p>\n","protected":false},"excerpt":{"rendered":"<p>\u00bfQu\u00e9 sucede cuando es la infancia quien sufre la violencia patriarcal? \u00bfSe escucha debidamente a las criaturas cuando refieren violencia (f\u00edsica, sexual, psicol\u00f3gica) en su familia? \u00bfC\u00f3mo interfiere el machismo, el clasismo y el racismo en esa escucha? \u00bfCu\u00e1les son los sistemas de protecci\u00f3n que existen, cu\u00e1ndo y c\u00f3mo se activan? \u00bfQu\u00e9 interpretaciones existen del inter\u00e9s superior del menor y a favor de qui\u00e9n juegan? \u00bfY qu\u00e9 tiene todo esto que ver con el feminismo y con los debates en torno a la justicia?<\/p>\n","protected":false},"author":2,"featured_media":2772,"template":"","meta":{"_tribe_events_status":"","_tribe_events_status_reason":"","footnotes":""},"tags":[],"tribe_events_cat":[23],"class_list":["post-2740","tribe_events","type-tribe_events","status-publish","has-post-thumbnail","hentry","tribe_events_cat-proximos-eventos","cat_proximos-eventos"],"_links":{"self":[{"href":"http:\/\/laboratoria.red\/en\/wp-json\/wp\/v2\/tribe_events\/2740","targetHints":{"allow":["GET"]}}],"collection":[{"href":"http:\/\/laboratoria.red\/en\/wp-json\/wp\/v2\/tribe_events"}],"about":[{"href":"http:\/\/laboratoria.red\/en\/wp-json\/wp\/v2\/types\/tribe_events"}],"author":[{"embeddable":true,"href":"http:\/\/laboratoria.red\/en\/wp-json\/wp\/v2\/users\/2"}],"version-history":[{"count":20,"href":"http:\/\/laboratoria.red\/en\/wp-json\/wp\/v2\/tribe_events\/2740\/revisions"}],"predecessor-version":[{"id":2799,"href":"http:\/\/laboratoria.red\/en\/wp-json\/wp\/v2\/tribe_events\/2740\/revisions\/2799"}],"wp:featuredmedia":[{"embeddable":true,"href":"http:\/\/laboratoria.red\/en\/wp-json\/wp\/v2\/media\/2772"}],"wp:attachment":[{"href":"http:\/\/laboratoria.red\/en\/wp-json\/wp\/v2\/media?parent=2740"}],"wp:term":[{"taxonomy":"post_tag","embeddable":true,"href":"http:\/\/laboratoria.red\/en\/wp-json\/wp\/v2\/tags?post=2740"},{"taxonomy":"tribe_events_cat","embeddable":true,"href":"http:\/\/laboratoria.red\/en\/wp-json\/wp\/v2\/tribe_events_cat?post=2740"}],"curies":[{"name":"wp","href":"https:\/\/api.w.org\/{rel}","templated":true}]}}