{"id":2477,"date":"2023-09-21T22:32:06","date_gmt":"2023-09-21T20:32:06","guid":{"rendered":"https:\/\/tallertraficantes.net\/laboratoria\/?post_type=tribe_events&#038;p=2477"},"modified":"2023-09-22T14:15:14","modified_gmt":"2023-09-22T12:15:14","slug":"uberizacion-de-la-vida-taller-para-presentar-riders-on-the-storm-trabajadores-de-plataformas-de-delivery-en-lucha","status":"publish","type":"tribe_events","link":"http:\/\/laboratoria.red\/en\/actividad\/uberizacion-de-la-vida-taller-para-presentar-riders-on-the-storm-trabajadores-de-plataformas-de-delivery-en-lucha\/","title":{"rendered":"Uberizacion de la vida. Taller para presentar \u201cRiders On The Storm. Trabajadores de plataformas de delivery en lucha\u201d"},"content":{"rendered":"<p>Un algoritmo organizando el trabajo sin otro criterio que no sea la productividad, tus jefes una direcci\u00f3n de mail que nunca responde y solo ordena, compa\u00f1erxs de trabajo un nombre con el que competir por los pedidos en la app, una jornada laboral que nunca empieza ni acaba, la ciudad como centro de trabajo pero sin que nadie cuente las horas que tardas en recorrerla de punta a punta\u2026<\/p>\n<p>A esto es le llamamos uberizaci\u00f3n: un fen\u00f3meno predominante en los sectores del reparto a domicilio pero actualmente tambi\u00e9n en marcha en otros sectores bien distintos, como son el trabajo del hogar y los cuidados, la limpieza hotelera o el trabajo sexual\u2026 hasta colonizar cada vez m\u00e1s espacios de vida.<\/p>\n<p>Conversaremos sobre esta transformaci\u00f3n, \u2013narrada en &#8220;Riders on The Storm\u201d, el quinto en la serie sobre el <a class=\"text-entity-link\" dir=\"auto\" data-entity-type=\"MessageEntityHashtag\">#FeminismoSindicalista<\/a> cuya presentaci\u00f3n nos sirve de excusa para convocaros \u2013, y las herramientas para hacerle frente, el pr\u00f3ximo viernes 29 de septiembre a las 19:00 en Traficantes de Sue\u00f1os (Madrid). No faltes \u2764\ufe0f\u200d?\u2764\ufe0f\u200d?\u2764\ufe0f\u200d?<\/p>\n<blockquote><p><a href=\"https:\/\/tallertraficantes.net\/laboratoria\/publicacion\/riders-on-the-storm-trabajadores-de-plataformas-de-delivery-en-lucha\/\">&#8220;Riders On The Storm. Trabajadores de plataformas de delivery en lucha&#8221;<\/a> est\u00e1 disponible en libre descarga.<\/p><\/blockquote>\n<p>&nbsp;<\/p>\n<blockquote><p>No te olvides de escuchar, tambi\u00e9n, al <a href=\"https:\/\/tallertraficantes.net\/laboratoria\/publicacion\/todas-uberizadas-podcast-sobre-la-uberizacion-de-sectores-feminizados\/\">podcast &#8220;Todas uberizadas&#8221;<\/a>, por To\u00f1a Medina y \u00c1ngeles Oliva.<\/p><\/blockquote>\n","protected":false},"excerpt":{"rendered":"<p>La primera presentaci\u00f3n del quinto cuaderno de la serie sobre el feminismo sindicalista &#8220;Riders On The Storm. Trabajadores de plataformas de delivery en lucha&#8221;, en formato conversatorio-taller, tendr\u00e1 lugar el viernes 29 de septiembre a las 19:00 en la librer\u00eda asociativa Traficantes de Sue\u00f1os, en Madrid.<\/p>\n","protected":false},"author":2,"featured_media":2478,"template":"","meta":{"_tribe_events_status":"","_tribe_events_status_reason":"","footnotes":""},"tags":[],"tribe_events_cat":[23],"class_list":["post-2477","tribe_events","type-tribe_events","status-publish","has-post-thumbnail","hentry","tribe_events_cat-proximos-eventos","cat_proximos-eventos"],"_links":{"self":[{"href":"http:\/\/laboratoria.red\/en\/wp-json\/wp\/v2\/tribe_events\/2477","targetHints":{"allow":["GET"]}}],"collection":[{"href":"http:\/\/laboratoria.red\/en\/wp-json\/wp\/v2\/tribe_events"}],"about":[{"href":"http:\/\/laboratoria.red\/en\/wp-json\/wp\/v2\/types\/tribe_events"}],"author":[{"embeddable":true,"href":"http:\/\/laboratoria.red\/en\/wp-json\/wp\/v2\/users\/2"}],"version-history":[{"count":6,"href":"http:\/\/laboratoria.red\/en\/wp-json\/wp\/v2\/tribe_events\/2477\/revisions"}],"predecessor-version":[{"id":2489,"href":"http:\/\/laboratoria.red\/en\/wp-json\/wp\/v2\/tribe_events\/2477\/revisions\/2489"}],"wp:featuredmedia":[{"embeddable":true,"href":"http:\/\/laboratoria.red\/en\/wp-json\/wp\/v2\/media\/2478"}],"wp:attachment":[{"href":"http:\/\/laboratoria.red\/en\/wp-json\/wp\/v2\/media?parent=2477"}],"wp:term":[{"taxonomy":"post_tag","embeddable":true,"href":"http:\/\/laboratoria.red\/en\/wp-json\/wp\/v2\/tags?post=2477"},{"taxonomy":"tribe_events_cat","embeddable":true,"href":"http:\/\/laboratoria.red\/en\/wp-json\/wp\/v2\/tribe_events_cat?post=2477"}],"curies":[{"name":"wp","href":"https:\/\/api.w.org\/{rel}","templated":true}]}}